{"id":84,"date":"2015-04-08T13:16:53","date_gmt":"2015-04-08T13:16:53","guid":{"rendered":"http:\/\/cetras.org\/javiervarela\/?page_id=84"},"modified":"2024-05-15T14:47:20","modified_gmt":"2024-05-15T14:47:20","slug":"presentador","status":"publish","type":"page","link":"https:\/\/javiervarelactor.com\/?page_id=84","title":{"rendered":"Presentador Televisi\u00f3n"},"content":{"rendered":"<div class=\"mceTemp\"><\/div>\n<figure id=\"attachment_1605\" aria-describedby=\"caption-attachment-1605\" style=\"width: 300px\" class=\"wp-caption alignleft\"><img loading=\"lazy\" decoding=\"async\" class=\"size-medium wp-image-1605\" src=\"http:\/\/javiervarelactor.com\/wp-content\/uploads\/2020\/10\/presentador-television-galego-3-300x294.jpg\" alt=\"Javier Varela Presentador\" width=\"300\" height=\"294\" srcset=\"https:\/\/javiervarelactor.com\/wp-content\/uploads\/2020\/10\/presentador-television-galego-3-300x294.jpg 300w, https:\/\/javiervarelactor.com\/wp-content\/uploads\/2020\/10\/presentador-television-galego-3.jpg 325w\" sizes=\"(max-width: 300px) 100vw, 300px\" \/><figcaption id=\"caption-attachment-1605\" class=\"wp-caption-text\">Javier Varela Presentador<\/figcaption><\/figure>\n<p><span style=\"color: #000000;\">A lo largo de los a\u00f1os he trabajado una extensa, y muy interesante, experiencia como presentador de diferentes formatos de televisi\u00f3n. <\/span><span style=\"color: #000000;\">Mis trabajos como <strong>PRESENTADOR DE TELEVISI\u00d3N<\/strong> en programas de diferente tono, pero tambi\u00e9n para <strong>eventos<\/strong> de empresa, <strong>espect\u00e1culos<\/strong> y <strong>animaciones<\/strong> han sido\u00a0variados, motivadores y una gran prueba de mi capacidad de adaptaci\u00f3n.<img loading=\"lazy\" decoding=\"async\" class=\"wp-image-1573 alignright\" src=\"http:\/\/javiervarelactor.com\/wp-content\/uploads\/2018\/02\/presentador-tele-gallega-1-682x1024.jpg\" alt=\"presentador televisi\u00f3n gallega\" width=\"138\" height=\"207\" \/><\/span><\/p>\n<p><span style=\"color: #000000;\">Las continuas ocasiones en las que puedo poner en pr\u00e1ctica mis habilidades, hacen que cada nuevo reto se presente como una oportunidad para disfrutar, aprender y compartir con los espectadores contenidos de inter\u00e9s. <\/span><span style=\"color: #000000;\">Como <strong>presentador de\u00a0televisi\u00f3n<\/strong>\u00a0en el canal con m\u00e1s audiencia de\u00a0Galicia, he estado a la cabeza de programas emitidos en diferentes horarios, de diferentes formatos\u00a0como:<\/span><\/p>\n<ul>\n<li>\u00ab<a href=\"http:\/\/www.crtvg.es\/tvg\/programas\/imos-de-feira\"><strong>Imos de Feira<\/strong><\/a>\u00ab: Tres temporadas 2020 &#8211; 2022 &#8211;\u00a0 2023<\/li>\n<li><span style=\"color: #000000;\">\u00ab<a href=\"https:\/\/www.rtp.pt\/programa\/tv\/p40147\"><strong>Sem Fronteiras<\/strong><\/a>\u00ab: coproducci\u00f3n entre TVG y RTP1 con M International y <a style=\"color: #000000;\" href=\"http:\/\/www.sp-i.pt\/en\/\">SPI<\/a>. Estreno en Enero 2021 <a href=\"https:\/\/vimeo.com\/manage\/videos\/536715443\"><em>(Ver v\u00eddeo resumen aqu\u00ed)<\/em><\/a><\/span><\/li>\n<\/ul>\n<p><img loading=\"lazy\" decoding=\"async\" class=\"wp-image-1721 aligncenter\" src=\"http:\/\/javiervarelactor.com\/wp-content\/uploads\/2021\/01\/58a84d14-2583-4624-bec2-0ca94ce03483-1-225x300.jpg\" alt=\"Javier Varela Presentador Sem Fronteiras\" width=\"131\" height=\"175\" \/><\/p>\n<ul>\n<li><span style=\"color: #000000;\">\u00ab<a style=\"color: #000000;\" href=\"http:\/\/www.crtvg.es\/tvg\/programas\/gana-a-tua-sorte\"><strong><span style=\"color: #000080;\">Ga\u00f1a a t\u00faa sorte<\/span><\/strong><\/a>\u00ab: concurso TVG 2017 &#8211; 2019 (130 programas emitidos)<br \/>\n<\/span><\/li>\n<\/ul>\n<div id='gallery-1' class='gallery galleryid-84 gallery-columns-3 gallery-size-thumbnail'><figure class='gallery-item'>\n\t\t\t<div class='gallery-icon landscape'>\n\t\t\t\t<a href='https:\/\/javiervarelactor.com\/?attachment_id=1922'><img loading=\"lazy\" decoding=\"async\" width=\"150\" height=\"150\" src=\"https:\/\/javiervarelactor.com\/wp-content\/uploads\/2023\/06\/2023-Javier-Varela-Moises-Fdez-Acosta-book-moifernandez-007-150x150.jpg\" class=\"attachment-thumbnail size-thumbnail\" alt=\"\" aria-describedby=\"gallery-1-1922\" \/><\/a>\n\t\t\t<\/div>\n\t\t\t\t<figcaption class='wp-caption-text gallery-caption' id='gallery-1-1922'>\n\t\t\t\tPresentador Televisi\u00f3n\n\t\t\t\t<\/figcaption><\/figure><figure class='gallery-item'>\n\t\t\t<div class='gallery-icon portrait'>\n\t\t\t\t<a href='https:\/\/javiervarelactor.com\/?attachment_id=1912'><img loading=\"lazy\" decoding=\"async\" width=\"150\" height=\"150\" src=\"https:\/\/javiervarelactor.com\/wp-content\/uploads\/2023\/06\/2023-Javier-Varela-Moises-Fdez-Acosta-book-moifernandez-030-150x150.jpg\" class=\"attachment-thumbnail size-thumbnail\" alt=\"\" aria-describedby=\"gallery-1-1912\" \/><\/a>\n\t\t\t<\/div>\n\t\t\t\t<figcaption class='wp-caption-text gallery-caption' id='gallery-1-1912'>\n\t\t\t\tJavier Varela Actor\n\t\t\t\t<\/figcaption><\/figure><figure class='gallery-item'>\n\t\t\t<div class='gallery-icon landscape'>\n\t\t\t\t<a href='https:\/\/javiervarelactor.com\/?attachment_id=1827'><img loading=\"lazy\" decoding=\"async\" width=\"150\" height=\"150\" src=\"https:\/\/javiervarelactor.com\/wp-content\/uploads\/2022\/06\/JL71728-150x150.jpg\" class=\"attachment-thumbnail size-thumbnail\" alt=\"presentador televisi\u00f3n galicia\" aria-describedby=\"gallery-1-1827\" \/><\/a>\n\t\t\t<\/div>\n\t\t\t\t<figcaption class='wp-caption-text gallery-caption' id='gallery-1-1827'>\n\t\t\t\tPrsentador Eventos\n\t\t\t\t<\/figcaption><\/figure>\n\t\t<\/div>\n\n<p><center><iframe loading=\"lazy\" src=\"https:\/\/www.youtube.com\/embed\/DCaEQy-6gkY\" width=\"360\" height=\"215\" frameborder=\"0\" allowfullscreen=\"allowfullscreen\"><\/iframe><\/center><\/p>\n<ul>\n<li><span style=\"color: #000000;\">\u201c<a href=\"http:\/\/www.crtvg.es\/tvg\/programas\/gana-a-tua-sorte\"><strong>Polo Chan<\/strong><\/a>\u201d: concurso semanal en el que diferentes ayuntamientos de Galicia luchaban por ser el ganador de un programa con pruebas de fuerza y habilidad.<\/span><\/li>\n<li><span style=\"color: #000000;\">\u201c <a href=\"http:\/\/www.crtvg.es\/tvg\/a-carta\/delincuentes-torpes-18-07-2012\"><strong>Delincuentes Torpes<\/strong><\/a>\u201d, un late night que recog\u00eda los casos m\u00e1s chapuceros del mundo de la delincuencia.\u00a0Siempre con invitados relacionados con el mundo de los delincuentes, este divertido formato contaba adem\u00e1s con una secci\u00f3n de noticias curiosas y un <strong>mon\u00f3logo<\/strong> de cabecera.<\/span><\/li>\n<\/ul>\n<p><span style=\"color: #000000;\"><img loading=\"lazy\" decoding=\"async\" class=\"  wp-image-88 aligncenter\" src=\"http:\/\/javiervarelactor.com\/wp-content\/uploads\/2015\/04\/actor-300x201.jpg\" alt=\"actor\" width=\"178\" height=\"119\" srcset=\"https:\/\/javiervarelactor.com\/wp-content\/uploads\/2015\/04\/actor-300x201.jpg 300w, https:\/\/javiervarelactor.com\/wp-content\/uploads\/2015\/04\/actor.jpg 960w\" sizes=\"(max-width: 178px) 100vw, 178px\" \/><\/span><\/p>\n<ul>\n<li><span style=\"color: #000000;\">\u00a0\u201c<a style=\"color: #000000;\" title=\"Mais Galego Javi Varela\" href=\"http:\/\/www.crtvg.es\/tvg\/a-carta\/betanzos-1\" target=\"_blank\" rel=\"noopener noreferrer\"><strong>M\u00e1is Galego<\/strong><\/a>\u201d, concurso de lunes a viernes que buscaba la pareja m\u00e1s gallega de Galicia. Con diferentes pruebas que ten\u00edan que superar los concursantes, \u00e9ste programa lleg\u00f3 a convertirse en <strong>l\u00edder de audiencia<\/strong> de su franja horaria, tambi\u00e9n en sus especiales de Navidad.<\/span><\/li>\n<\/ul>\n<p><span style=\"color: #000000;\"><img loading=\"lazy\" decoding=\"async\" class=\" wp-image-86 aligncenter\" src=\"http:\/\/javiervarelactor.com\/wp-content\/uploads\/2015\/04\/555373_422567861186436_542776560_n-300x201.jpg\" alt=\"presentador tele gallega\" width=\"203\" height=\"136\" srcset=\"https:\/\/javiervarelactor.com\/wp-content\/uploads\/2015\/04\/555373_422567861186436_542776560_n-300x201.jpg 300w, https:\/\/javiervarelactor.com\/wp-content\/uploads\/2015\/04\/555373_422567861186436_542776560_n.jpg 960w\" sizes=\"(max-width: 203px) 100vw, 203px\" \/><\/span><\/p>\n<p><span style=\"color: #000000;\">Siempre en <strong>clave de humor<\/strong>, intento ser cercano al espectador y darle frescura a todos mis proyectos.<\/span><\/p>\n<p><span style=\"color: #000000;\">Aunque la risa es un denominador com\u00fan en la mayor\u00eda de mis trabajos como <strong>presentador de televisi\u00f3n<\/strong>, tengo capacidad para\u00a0adaptarme a otros formatos, por lo que me podr\u00e1s ver como presentador en cualquier tipo de programas.<\/span><\/p>\n<p><span style=\"color: #000000;\">Tambi\u00e9n puedes contar conmigo, Javier Varela, como<a href=\"http:\/\/javiervarelactor.com\/index.php\/actor-javier-varela\/presentador-eventos\/\" target=\"_blank\" rel=\"noopener noreferrer\"> presentador para eventos<\/a> corporativos, presentaciones de producto y galas y todo tipo de ceremonias.<\/span><\/p>\n<div align=\"center\">\n<p><iframe loading=\"lazy\" src=\"https:\/\/player.vimeo.com\/video\/258147939\" width=\"300\" height=\"260\" frameborder=\"0\" allowfullscreen=\"allowfullscreen\"><\/iframe><\/p>\n<p style=\"text-align: left;\"><span style=\"color: #999999;\"><a href=\"http:\/\/javiervarelactor.com\/index.php\/actor-javier-varela\/presentador-eventos\/\" target=\"_blank\" rel=\"noopener noreferrer\">para conocer m\u00e1s sobre mi trabajo como <strong>presentador de eventos<\/strong> pincha aqu\u00ed<\/a><\/span><\/p>\n<p style=\"text-align: left;\"><span style=\"color: #000000;\"><strong>Presentador de eventos para empresas, espect\u00e1culos y acciones comerciales<\/strong><\/span><\/p>\n<p style=\"text-align: center;\"><span style=\"color: #000000;\"><a style=\"color: #000000;\" href=\"http:\/\/javiervarelactor.com\/wp-content\/uploads\/2015\/04\/evento-groupon.jpg\"><img loading=\"lazy\" decoding=\"async\" class=\"alignnone wp-image-148 size-medium\" src=\"http:\/\/javiervarelactor.com\/wp-content\/uploads\/2015\/04\/evento-groupon-200x300.jpg\" alt=\"evento groupon\" width=\"200\" height=\"300\" srcset=\"https:\/\/javiervarelactor.com\/wp-content\/uploads\/2015\/04\/evento-groupon-200x300.jpg 200w, https:\/\/javiervarelactor.com\/wp-content\/uploads\/2015\/04\/evento-groupon.jpg 400w\" sizes=\"(max-width: 200px) 100vw, 200px\" \/><\/a> <a style=\"color: #000000;\" href=\"http:\/\/javiervarelactor.com\/wp-content\/uploads\/2015\/04\/eventos-madrid.jpg\"><img loading=\"lazy\" decoding=\"async\" class=\"alignnone size-medium wp-image-149\" src=\"http:\/\/javiervarelactor.com\/wp-content\/uploads\/2015\/04\/eventos-madrid-300x213.jpg\" alt=\"eventos madrid\" width=\"300\" height=\"213\" \/><\/a><\/span><\/p>\n<p style=\"text-align: center;\"><span style=\"color: #000000;\">Son varias las <a style=\"color: #000000;\" title=\"actor publicidad\" href=\"http:\/\/javiervarelactor.com\/index.php\/eventos-marcas\/\" target=\"_blank\" rel=\"noopener noreferrer\">marcas<\/a> que han confiado en mi trabajo como presentador para desarrollar sus acciones de marketing, presentaciones de eventos o formar parte de planes estrat\u00e9gicos.<\/span><\/p>\n<p style=\"text-align: center;\"><span style=\"color: #000000;\">Cada marca merece una atenci\u00f3n especial, una dedicaci\u00f3n \u00fanica y una adaptaci\u00f3n minuciosa a sus propuestas para lograr el objetivo definido. Es un placer trabajar para empresas con las cosas claras.<\/span><\/p>\n<p style=\"text-align: center;\"><span style=\"color: #000000;\">Javier Varela <a href=\"http:\/\/javiervarelactor.com\/index.php\/actor-javier-varela\/presentador-eventos\/\" target=\"_blank\" rel=\"noopener noreferrer\">presentador para eventos en Valladolid<\/a>, Madrid y Galicia.<\/span><\/p>\n<p style=\"text-align: center;\"><span style=\"color: #000000;\">\u00bfBuscas un presentador para televisi\u00f3n?<\/span><\/p>\n<p style=\"text-align: center;\"><span style=\"color: #000000;\">Contacta conmigo<\/span><\/p>\n<p><strong>\n<div class=\"wpcf7 no-js\" id=\"wpcf7-f1975-o1\" lang=\"es-ES\" dir=\"ltr\">\n<div class=\"screen-reader-response\"><p role=\"status\" aria-live=\"polite\" aria-atomic=\"true\"><\/p> <ul><\/ul><\/div>\n<form action=\"\/index.php?rest_route=%2Fwp%2Fv2%2Fpages%2F84#wpcf7-f1975-o1\" method=\"post\" class=\"wpcf7-form init\" aria-label=\"Formulario de contacto\" novalidate=\"novalidate\" data-status=\"init\">\n<div style=\"display: none;\">\n<input type=\"hidden\" name=\"_wpcf7\" value=\"1975\" \/>\n<input type=\"hidden\" name=\"_wpcf7_version\" value=\"5.9.4\" \/>\n<input type=\"hidden\" name=\"_wpcf7_locale\" value=\"es_ES\" \/>\n<input type=\"hidden\" name=\"_wpcf7_unit_tag\" value=\"wpcf7-f1975-o1\" \/>\n<input type=\"hidden\" name=\"_wpcf7_container_post\" value=\"0\" \/>\n<input type=\"hidden\" name=\"_wpcf7_posted_data_hash\" value=\"\" \/>\n<\/div>\n<p><label> Tu nombre<br \/>\n<span class=\"wpcf7-form-control-wrap\" data-name=\"your-name\"><input size=\"40\" class=\"wpcf7-form-control wpcf7-text wpcf7-validates-as-required\" autocomplete=\"name\" aria-required=\"true\" aria-invalid=\"false\" value=\"\" type=\"text\" name=\"your-name\" \/><\/span> <\/label>\n<\/p>\n<p><label> Mail<br \/>\n<span class=\"wpcf7-form-control-wrap\" data-name=\"your-email\"><input size=\"40\" class=\"wpcf7-form-control wpcf7-email wpcf7-validates-as-required wpcf7-text wpcf7-validates-as-email\" autocomplete=\"email\" aria-required=\"true\" aria-invalid=\"false\" value=\"\" type=\"email\" name=\"your-email\" \/><\/span> <\/label>\n<\/p>\n<p><label> Asunto<br \/>\n<span class=\"wpcf7-form-control-wrap\" data-name=\"your-subject\"><input size=\"40\" class=\"wpcf7-form-control wpcf7-text wpcf7-validates-as-required\" aria-required=\"true\" aria-invalid=\"false\" value=\"\" type=\"text\" name=\"your-subject\" \/><\/span> <\/label>\n<\/p>\n<p><label> Tu mensaje<br \/>\n<span class=\"wpcf7-form-control-wrap\" data-name=\"your-message\"><textarea cols=\"40\" rows=\"10\" class=\"wpcf7-form-control wpcf7-textarea\" aria-invalid=\"false\" name=\"your-message\"><\/textarea><\/span> <\/label>\n<\/p>\n<p><input class=\"wpcf7-form-control wpcf7-submit has-spinner\" type=\"submit\" value=\"Enviar\" \/>\n<\/p><p style=\"display: none !important;\" class=\"akismet-fields-container\" data-prefix=\"_wpcf7_ak_\"><label>&#916;<textarea name=\"_wpcf7_ak_hp_textarea\" cols=\"45\" rows=\"8\" maxlength=\"100\"><\/textarea><\/label><input type=\"hidden\" id=\"ak_js_1\" name=\"_wpcf7_ak_js\" value=\"99\"\/><script>document.getElementById( \"ak_js_1\" ).setAttribute( \"value\", ( new Date() ).getTime() );<\/script><\/p><div class=\"wpcf7-response-output\" aria-hidden=\"true\"><\/div>\n<\/form>\n<\/div>\n<\/strong><\/p>\n<p style=\"text-align: left;\"><span style=\"color: #000000;\">\u00a0<\/span><\/p>\n<\/div>\n","protected":false},"excerpt":{"rendered":"<p>A lo largo de los a\u00f1os he trabajado una extensa, y muy interesante, experiencia como presentador de diferentes formatos de televisi\u00f3n. Mis trabajos como PRESENTADOR DE TELEVISI\u00d3N en programas de diferente tono, pero tambi\u00e9n para eventos de empresa, espect\u00e1culos y animaciones han sido\u00a0variados, motivadores y una gran prueba de mi capacidad de adaptaci\u00f3n. Las continuas <a class=\"read-more\" href=\"https:\/\/javiervarelactor.com\/?page_id=84\">Leer m\u00e1s<\/a><\/p>\n","protected":false},"author":1,"featured_media":0,"parent":0,"menu_order":0,"comment_status":"closed","ping_status":"closed","template":"","meta":{"_monsterinsights_skip_tracking":false,"_monsterinsights_sitenote_active":false,"_monsterinsights_sitenote_note":"","_monsterinsights_sitenote_category":0,"footnotes":""},"yoast_head":"<!-- This site is optimized with the Yoast SEO plugin v22.7 - https:\/\/yoast.com\/wordpress\/plugins\/seo\/ -->\n<title>Presentador de televisi\u00f3n<\/title>\n<meta name=\"description\" content=\"Javier Varela ha trabajado como presentador de televisi\u00f3n en Madrid y en Galicia, espect\u00e1culos y acciones de marketing. Experiento y resolutivo.\" \/>\n<meta name=\"robots\" content=\"index, follow, max-snippet:-1, max-image-preview:large, max-video-preview:-1\" \/>\n<link rel=\"canonical\" href=\"https:\/\/javiervarelactor.com\/?page_id=84\" \/>\n<meta property=\"og:locale\" content=\"es_ES\" \/>\n<meta property=\"og:type\" content=\"article\" \/>\n<meta property=\"og:title\" content=\"Presentador de televisi\u00f3n\" \/>\n<meta property=\"og:description\" content=\"Javier Varela ha trabajado como presentador de televisi\u00f3n en Madrid y en Galicia, espect\u00e1culos y acciones de marketing. Experiento y resolutivo.\" \/>\n<meta property=\"og:url\" content=\"https:\/\/javiervarelactor.com\/?page_id=84\" \/>\n<meta property=\"og:site_name\" content=\"Javier Varela\" \/>\n<meta property=\"article:publisher\" content=\"https:\/\/www.facebook.com\/pages\/Javier-Varela\/145894855509796?sk=info&amp;amp%3bamp%3bamp%3bamp%3btab=page_info\" \/>\n<meta property=\"article:modified_time\" content=\"2024-05-15T14:47:20+00:00\" \/>\n<meta property=\"og:image\" content=\"http:\/\/javiervarelactor.com\/wp-content\/uploads\/2023\/06\/2023-Javier-Varela-Moises-Fdez-Acosta-book-moifernandez-007-150x150.jpg\" \/>\n<meta name=\"twitter:label1\" content=\"Tiempo de lectura\" \/>\n\t<meta name=\"twitter:data1\" content=\"4 minutos\" \/>\n<script type=\"application\/ld+json\" class=\"yoast-schema-graph\">{\"@context\":\"https:\/\/schema.org\",\"@graph\":[{\"@type\":\"WebPage\",\"@id\":\"https:\/\/javiervarelactor.com\/?page_id=84\",\"url\":\"https:\/\/javiervarelactor.com\/?page_id=84\",\"name\":\"Presentador de televisi\u00f3n\",\"isPartOf\":{\"@id\":\"https:\/\/javiervarelactor.com\/#website\"},\"primaryImageOfPage\":{\"@id\":\"https:\/\/javiervarelactor.com\/?page_id=84#primaryimage\"},\"image\":{\"@id\":\"https:\/\/javiervarelactor.com\/?page_id=84#primaryimage\"},\"thumbnailUrl\":\"http:\/\/javiervarelactor.com\/wp-content\/uploads\/2020\/10\/presentador-television-galego-3-300x294.jpg\",\"datePublished\":\"2015-04-08T13:16:53+00:00\",\"dateModified\":\"2024-05-15T14:47:20+00:00\",\"description\":\"Javier Varela ha trabajado como presentador de televisi\u00f3n en Madrid y en Galicia, espect\u00e1culos y acciones de marketing. Experiento y resolutivo.\",\"breadcrumb\":{\"@id\":\"https:\/\/javiervarelactor.com\/?page_id=84#breadcrumb\"},\"inLanguage\":\"es\",\"potentialAction\":[{\"@type\":\"ReadAction\",\"target\":[\"https:\/\/javiervarelactor.com\/?page_id=84\"]}]},{\"@type\":\"ImageObject\",\"inLanguage\":\"es\",\"@id\":\"https:\/\/javiervarelactor.com\/?page_id=84#primaryimage\",\"url\":\"https:\/\/javiervarelactor.com\/wp-content\/uploads\/2020\/10\/presentador-television-galego-3.jpg\",\"contentUrl\":\"https:\/\/javiervarelactor.com\/wp-content\/uploads\/2020\/10\/presentador-television-galego-3.jpg\",\"width\":325,\"height\":318,\"caption\":\"Javier Varela Presentador\"},{\"@type\":\"BreadcrumbList\",\"@id\":\"https:\/\/javiervarelactor.com\/?page_id=84#breadcrumb\",\"itemListElement\":[{\"@type\":\"ListItem\",\"position\":1,\"name\":\"Inicio\",\"item\":\"https:\/\/javiervarelactor.com\/\"},{\"@type\":\"ListItem\",\"position\":2,\"name\":\"Presentador Televisi\u00f3n\"}]},{\"@type\":\"WebSite\",\"@id\":\"https:\/\/javiervarelactor.com\/#website\",\"url\":\"https:\/\/javiervarelactor.com\/\",\"name\":\"Javier Varela\",\"description\":\"Actor y Presentador\",\"potentialAction\":[{\"@type\":\"SearchAction\",\"target\":{\"@type\":\"EntryPoint\",\"urlTemplate\":\"https:\/\/javiervarelactor.com\/?s={search_term_string}\"},\"query-input\":\"required name=search_term_string\"}],\"inLanguage\":\"es\"}]}<\/script>\n<!-- \/ Yoast SEO plugin. -->","yoast_head_json":{"title":"Presentador de televisi\u00f3n","description":"Javier Varela ha trabajado como presentador de televisi\u00f3n en Madrid y en Galicia, espect\u00e1culos y acciones de marketing. Experiento y resolutivo.","robots":{"index":"index","follow":"follow","max-snippet":"max-snippet:-1","max-image-preview":"max-image-preview:large","max-video-preview":"max-video-preview:-1"},"canonical":"https:\/\/javiervarelactor.com\/?page_id=84","og_locale":"es_ES","og_type":"article","og_title":"Presentador de televisi\u00f3n","og_description":"Javier Varela ha trabajado como presentador de televisi\u00f3n en Madrid y en Galicia, espect\u00e1culos y acciones de marketing. Experiento y resolutivo.","og_url":"https:\/\/javiervarelactor.com\/?page_id=84","og_site_name":"Javier Varela","article_publisher":"https:\/\/www.facebook.com\/pages\/Javier-Varela\/145894855509796?sk=info&amp%3bamp%3bamp%3bamp%3btab=page_info","article_modified_time":"2024-05-15T14:47:20+00:00","og_image":[{"url":"http:\/\/javiervarelactor.com\/wp-content\/uploads\/2023\/06\/2023-Javier-Varela-Moises-Fdez-Acosta-book-moifernandez-007-150x150.jpg"}],"twitter_misc":{"Tiempo de lectura":"4 minutos"},"schema":{"@context":"https:\/\/schema.org","@graph":[{"@type":"WebPage","@id":"https:\/\/javiervarelactor.com\/?page_id=84","url":"https:\/\/javiervarelactor.com\/?page_id=84","name":"Presentador de televisi\u00f3n","isPartOf":{"@id":"https:\/\/javiervarelactor.com\/#website"},"primaryImageOfPage":{"@id":"https:\/\/javiervarelactor.com\/?page_id=84#primaryimage"},"image":{"@id":"https:\/\/javiervarelactor.com\/?page_id=84#primaryimage"},"thumbnailUrl":"http:\/\/javiervarelactor.com\/wp-content\/uploads\/2020\/10\/presentador-television-galego-3-300x294.jpg","datePublished":"2015-04-08T13:16:53+00:00","dateModified":"2024-05-15T14:47:20+00:00","description":"Javier Varela ha trabajado como presentador de televisi\u00f3n en Madrid y en Galicia, espect\u00e1culos y acciones de marketing. Experiento y resolutivo.","breadcrumb":{"@id":"https:\/\/javiervarelactor.com\/?page_id=84#breadcrumb"},"inLanguage":"es","potentialAction":[{"@type":"ReadAction","target":["https:\/\/javiervarelactor.com\/?page_id=84"]}]},{"@type":"ImageObject","inLanguage":"es","@id":"https:\/\/javiervarelactor.com\/?page_id=84#primaryimage","url":"https:\/\/javiervarelactor.com\/wp-content\/uploads\/2020\/10\/presentador-television-galego-3.jpg","contentUrl":"https:\/\/javiervarelactor.com\/wp-content\/uploads\/2020\/10\/presentador-television-galego-3.jpg","width":325,"height":318,"caption":"Javier Varela Presentador"},{"@type":"BreadcrumbList","@id":"https:\/\/javiervarelactor.com\/?page_id=84#breadcrumb","itemListElement":[{"@type":"ListItem","position":1,"name":"Inicio","item":"https:\/\/javiervarelactor.com\/"},{"@type":"ListItem","position":2,"name":"Presentador Televisi\u00f3n"}]},{"@type":"WebSite","@id":"https:\/\/javiervarelactor.com\/#website","url":"https:\/\/javiervarelactor.com\/","name":"Javier Varela","description":"Actor y Presentador","potentialAction":[{"@type":"SearchAction","target":{"@type":"EntryPoint","urlTemplate":"https:\/\/javiervarelactor.com\/?s={search_term_string}"},"query-input":"required name=search_term_string"}],"inLanguage":"es"}]}},"_links":{"self":[{"href":"https:\/\/javiervarelactor.com\/index.php?rest_route=\/wp\/v2\/pages\/84"}],"collection":[{"href":"https:\/\/javiervarelactor.com\/index.php?rest_route=\/wp\/v2\/pages"}],"about":[{"href":"https:\/\/javiervarelactor.com\/index.php?rest_route=\/wp\/v2\/types\/page"}],"author":[{"embeddable":true,"href":"https:\/\/javiervarelactor.com\/index.php?rest_route=\/wp\/v2\/users\/1"}],"replies":[{"embeddable":true,"href":"https:\/\/javiervarelactor.com\/index.php?rest_route=%2Fwp%2Fv2%2Fcomments&post=84"}],"version-history":[{"count":54,"href":"https:\/\/javiervarelactor.com\/index.php?rest_route=\/wp\/v2\/pages\/84\/revisions"}],"predecessor-version":[{"id":2066,"href":"https:\/\/javiervarelactor.com\/index.php?rest_route=\/wp\/v2\/pages\/84\/revisions\/2066"}],"wp:attachment":[{"href":"https:\/\/javiervarelactor.com\/index.php?rest_route=%2Fwp%2Fv2%2Fmedia&parent=84"}],"curies":[{"name":"wp","href":"https:\/\/api.w.org\/{rel}","templated":true}]}}