{"id":75,"date":"2015-04-08T12:46:19","date_gmt":"2015-04-08T12:46:19","guid":{"rendered":"http:\/\/cetras.org\/javiervarela\/?page_id=75"},"modified":"2026-02-13T17:15:25","modified_gmt":"2026-02-13T17:15:25","slug":"actor-gallego-javier-varela","status":"publish","type":"page","link":"https:\/\/javiervarelactor.com\/?page_id=75","title":{"rendered":"Actor"},"content":{"rendered":"<div style=\"text-align: center;\">\n<p><iframe loading=\"lazy\" src=\"https:\/\/player.vimeo.com\/video\/266736022\" width=\"470\" height=\"260\" frameborder=\"0\" allowfullscreen=\"allowfullscreen\"><\/iframe><\/p>\n<p data-start=\"174\" data-end=\"213\"><strong data-start=\"174\" data-end=\"211\">Actor gallego \u2013 Cine y televisi\u00f3n<\/strong><\/p>\n<p style=\"text-align: left;\" data-start=\"215\" data-end=\"641\"><span style=\"color: #000000;\">Soy actor: comprometido con cada proyecto y apasionado por la interpretaci\u00f3n.<\/span><\/p>\n<p style=\"text-align: left;\" data-start=\"215\" data-end=\"641\"><span style=\"color: #000000;\">Disfruto de cada producci\u00f3n, desde la preparaci\u00f3n hasta el rodaje, cuidando cada detalle para ofrecer un trabajo s\u00f3lido y coherente. Mi experiencia me ha ense\u00f1ado a mantener profesionalidad y concentraci\u00f3n en todo tipo de situaciones: rodajes largos, momentos de espera o escenas de gran tensi\u00f3n, siempre con respeto y colaboraci\u00f3n. Creo firmemente en la importancia de la profesionalidad, la paciencia y el respeto en el set, elementos clave para que cualquier proyecto fluya con \u00e9xito.<\/span><\/p>\n<p style=\"text-align: left;\" data-start=\"643\" data-end=\"698\"><span style=\"color: #000000;\">Entre mis trabajos m\u00e1s recientes en ficci\u00f3n destacan:<\/span><\/p>\n<ul>\n<li style=\"text-align: left;\" data-start=\"703\" data-end=\"757\"><span style=\"color: #000000;\"><strong data-start=\"703\" data-end=\"739\">\u00c1lvaro Peteira en \u00abMemento Mori\u00bb<\/strong> \u2013 Amazon Prime.<\/span><\/li>\n<li style=\"text-align: left;\" data-start=\"761\" data-end=\"868\"><span style=\"color: #000000;\"><strong data-start=\"761\" data-end=\"789\">Cabo Xos\u00e9 en \u00abAs Bestas\u00bb<\/strong> \u2013 Pel\u00edcula de Rodrigo Sorogoyen, ganadora del Goya a la Mejor Pel\u00edcula 2023.<\/span><\/li>\n<li style=\"text-align: left;\" data-start=\"952\" data-end=\"981\"><span style=\"color: #000000;\"><strong data-start=\"952\" data-end=\"964\">\u00abFari\u00f1a\u00bb<\/strong> (A3 y Netflix)<\/span><\/li>\n<li style=\"text-align: left;\" data-start=\"985\" data-end=\"1031\"><span style=\"color: #000000;\"><strong data-start=\"985\" data-end=\"1013\">\u00abO Sabor das Margaridas\u00bb<\/strong> (TVG y Netflix)<\/span><\/li>\n<li style=\"text-align: left;\" data-start=\"1035\" data-end=\"1068\"><span style=\"color: #000000;\"><strong data-start=\"1035\" data-end=\"1061\">\u00abAmar es para Siempre\u00bb<\/strong> (A3)<\/span><\/li>\n<li style=\"text-align: left;\" data-start=\"1072\" data-end=\"1098\"><span style=\"color: #000000;\"><strong data-start=\"1072\" data-end=\"1096\">\u00abCu\u00e9ntame c\u00f3mo pas\u00f3\u00bb<\/strong><\/span><\/li>\n<li style=\"text-align: left;\" data-start=\"1102\" data-end=\"1136\"><span style=\"color: #000000;\"><strong data-start=\"1102\" data-end=\"1134\">\u00abEl Secreto de Puente Viejo\u00bb<\/strong><\/span><\/li>\n<li style=\"text-align: left;\" data-start=\"1140\" data-end=\"1235\"><span style=\"color: #000000;\">Para la Televisi\u00f3n de Galicia: <strong data-start=\"1171\" data-end=\"1190\">\u00abUrxencia Cero\u00bb<\/strong>, <strong data-start=\"1192\" data-end=\"1213\">\u00abPazo de Familia\u00bb<\/strong> y <strong data-start=\"1216\" data-end=\"1232\">\u00abSerramoura\u00bb<\/strong>.<\/span><\/li>\n<\/ul>\n<p style=\"text-align: left;\" data-start=\"1237\" data-end=\"1583\"><span style=\"color: #000000;\">Cada experiencia me ha permitido reforzar mi capacidad de adaptaci\u00f3n, gestionar los tiempos de espera y colaborar de manera efectiva con equipos multidisciplinares. Mi objetivo como actor gallego es ofrecer siempre interpretaciones aut\u00e9nticas y de calidad, aportando profesionalidad, respeto y compromiso a cada producci\u00f3n de cine o televisi\u00f3n.<\/span><\/p>\n<p><span style=\"color: #000000;\"><img loading=\"lazy\" decoding=\"async\" class=\"alignnone  wp-image-1960\" src=\"http:\/\/javiervarelactor.com\/wp-content\/uploads\/2023\/11\/PHOTO-2023-11-01-19-36-52-300x200.jpg\" alt=\"\" width=\"212\" height=\"141\" srcset=\"https:\/\/javiervarelactor.com\/wp-content\/uploads\/2023\/11\/PHOTO-2023-11-01-19-36-52-300x200.jpg 300w, https:\/\/javiervarelactor.com\/wp-content\/uploads\/2023\/11\/PHOTO-2023-11-01-19-36-52-1024x681.jpg 1024w, https:\/\/javiervarelactor.com\/wp-content\/uploads\/2023\/11\/PHOTO-2023-11-01-19-36-52-768x511.jpg 768w, https:\/\/javiervarelactor.com\/wp-content\/uploads\/2023\/11\/PHOTO-2023-11-01-19-36-52-1536x1022.jpg 1536w, https:\/\/javiervarelactor.com\/wp-content\/uploads\/2023\/11\/PHOTO-2023-11-01-19-36-52.jpg 2048w\" sizes=\"(max-width: 212px) 100vw, 212px\" \/><img loading=\"lazy\" decoding=\"async\" class=\"alignnone  wp-image-1950\" src=\"http:\/\/javiervarelactor.com\/wp-content\/uploads\/2023\/11\/peteira-300x200.jpg\" alt=\"Peteira en &quot;Memento Mori&quot;\" width=\"213\" height=\"142\" srcset=\"https:\/\/javiervarelactor.com\/wp-content\/uploads\/2023\/11\/peteira-300x200.jpg 300w, https:\/\/javiervarelactor.com\/wp-content\/uploads\/2023\/11\/peteira-1024x681.jpg 1024w, https:\/\/javiervarelactor.com\/wp-content\/uploads\/2023\/11\/peteira-768x511.jpg 768w, https:\/\/javiervarelactor.com\/wp-content\/uploads\/2023\/11\/peteira-1536x1022.jpg 1536w, https:\/\/javiervarelactor.com\/wp-content\/uploads\/2023\/11\/peteira-2048x1363.jpg 2048w\" sizes=\"(max-width: 213px) 100vw, 213px\" \/><\/span><\/p>\n<h5 style=\"text-align: left;\"><strong>&#8211; Cabo Xos\u00e9 en \u00ab<\/strong>As Bestas<strong>\u00bb la premiada pel\u00edcula de Rodrigo Sorogoyen, ganadora del Goya a la mejor pel\u00edcula 2023.<\/strong><\/h5>\n<p><iframe loading=\"lazy\" title=\"Javier Varela en &quot;As Bestas&quot; tr\u00e1iler\" width=\"832\" height=\"468\" src=\"https:\/\/www.youtube.com\/embed\/E_a8qvLt7ig?feature=oembed\" frameborder=\"0\" allow=\"accelerometer; autoplay; clipboard-write; encrypted-media; gyroscope; picture-in-picture; web-share\" referrerpolicy=\"strict-origin-when-cross-origin\" allowfullscreen><\/iframe><\/p>\n<div id='gallery-1' class='gallery galleryid-75 gallery-columns-6 gallery-size-thumbnail'><figure class='gallery-item'>\n\t\t\t<div class='gallery-icon portrait'>\n\t\t\t\t<a href='https:\/\/javiervarelactor.com\/?attachment_id=1914'><img loading=\"lazy\" decoding=\"async\" width=\"150\" height=\"150\" src=\"https:\/\/javiervarelactor.com\/wp-content\/uploads\/2023\/06\/2023-Javier-Varela-Moises-Fdez-Acosta-book-moifernandez-023-150x150.jpg\" class=\"attachment-thumbnail size-thumbnail\" alt=\"\" aria-describedby=\"gallery-1-1914\" \/><\/a>\n\t\t\t<\/div>\n\t\t\t\t<figcaption class='wp-caption-text gallery-caption' id='gallery-1-1914'>\n\t\t\t\tJavier Varela Actor\n\t\t\t\t<\/figcaption><\/figure><figure class='gallery-item'>\n\t\t\t<div class='gallery-icon portrait'>\n\t\t\t\t<a href='https:\/\/javiervarelactor.com\/?attachment_id=1820'><img loading=\"lazy\" decoding=\"async\" width=\"150\" height=\"150\" src=\"https:\/\/javiervarelactor.com\/wp-content\/uploads\/2022\/03\/JL71967-150x150.jpg\" class=\"attachment-thumbnail size-thumbnail\" alt=\"\" aria-describedby=\"gallery-1-1820\" \/><\/a>\n\t\t\t<\/div>\n\t\t\t\t<figcaption class='wp-caption-text gallery-caption' id='gallery-1-1820'>\n\t\t\t\tJavier Varela Presentador\n\t\t\t\t<\/figcaption><\/figure><figure class='gallery-item'>\n\t\t\t<div class='gallery-icon portrait'>\n\t\t\t\t<a href='https:\/\/javiervarelactor.com\/?attachment_id=1915'><img loading=\"lazy\" decoding=\"async\" width=\"150\" height=\"150\" src=\"https:\/\/javiervarelactor.com\/wp-content\/uploads\/2023\/06\/2023-Javier-Varela-Moises-Fdez-Acosta-book-moifernandez-032-150x150.jpg\" class=\"attachment-thumbnail size-thumbnail\" alt=\"\" aria-describedby=\"gallery-1-1915\" \/><\/a>\n\t\t\t<\/div>\n\t\t\t\t<figcaption class='wp-caption-text gallery-caption' id='gallery-1-1915'>\n\t\t\t\tJavier Varela Actor\n\t\t\t\t<\/figcaption><\/figure><figure class='gallery-item'>\n\t\t\t<div class='gallery-icon portrait'>\n\t\t\t\t<a href='https:\/\/javiervarelactor.com\/?attachment_id=1821'><img loading=\"lazy\" decoding=\"async\" width=\"150\" height=\"150\" src=\"https:\/\/javiervarelactor.com\/wp-content\/uploads\/2022\/03\/JL71976-150x150.jpg\" class=\"attachment-thumbnail size-thumbnail\" alt=\"\" aria-describedby=\"gallery-1-1821\" \/><\/a>\n\t\t\t<\/div>\n\t\t\t\t<figcaption class='wp-caption-text gallery-caption' id='gallery-1-1821'>\n\t\t\t\tJavier Varela Actor\n\t\t\t\t<\/figcaption><\/figure><figure class='gallery-item'>\n\t\t\t<div class='gallery-icon portrait'>\n\t\t\t\t<a href='https:\/\/javiervarelactor.com\/?attachment_id=1913'><img loading=\"lazy\" decoding=\"async\" width=\"150\" height=\"150\" src=\"https:\/\/javiervarelactor.com\/wp-content\/uploads\/2023\/06\/2023-Javier-Varela-Moises-Fdez-Acosta-book-moifernandez-011-150x150.jpg\" class=\"attachment-thumbnail size-thumbnail\" alt=\"Javier Varela Actor\" aria-describedby=\"gallery-1-1913\" \/><\/a>\n\t\t\t<\/div>\n\t\t\t\t<figcaption class='wp-caption-text gallery-caption' id='gallery-1-1913'>\n\t\t\t\tJavier Varela Actor\n\t\t\t\t<\/figcaption><\/figure>\n\t\t<\/div>\n\n<figure id=\"attachment_1273\" aria-describedby=\"caption-attachment-1273\" style=\"width: 300px\" class=\"wp-caption aligncenter\"><a href=\"http:\/\/javiervarelactor.com\/wp-content\/uploads\/2015\/04\/foto-fari\u00f1a.jpg\"><img loading=\"lazy\" decoding=\"async\" class=\"wp-image-1273 size-medium\" src=\"http:\/\/javiervarelactor.com\/wp-content\/uploads\/2015\/04\/foto-fari\u00f1a-300x169.jpg\" alt=\"javier varela en fari\u00f1a\" width=\"300\" height=\"169\" srcset=\"https:\/\/javiervarelactor.com\/wp-content\/uploads\/2015\/04\/foto-fari\u00f1a-300x169.jpg 300w, https:\/\/javiervarelactor.com\/wp-content\/uploads\/2015\/04\/foto-fari\u00f1a.jpg 720w\" sizes=\"(max-width: 300px) 100vw, 300px\" \/><\/a><figcaption id=\"caption-attachment-1273\" class=\"wp-caption-text\">\u00abFari\u00f1a\u00bb Antena3<\/figcaption><\/figure>\n<figure id=\"attachment_1068\" aria-describedby=\"caption-attachment-1068\" style=\"width: 300px\" class=\"wp-caption alignleft\"><a style=\"color: #000000;\" href=\"http:\/\/javiervarelactor.com\/wp-content\/uploads\/2017\/03\/amar2.jpg\"><img loading=\"lazy\" decoding=\"async\" class=\"wp-image-1068 size-medium\" src=\"http:\/\/javiervarelactor.com\/wp-content\/uploads\/2017\/03\/amar2-300x164.jpg\" alt=\"ricardo en amar es para siempre\" width=\"300\" height=\"164\" srcset=\"https:\/\/javiervarelactor.com\/wp-content\/uploads\/2017\/03\/amar2-300x164.jpg 300w, https:\/\/javiervarelactor.com\/wp-content\/uploads\/2017\/03\/amar2.jpg 881w\" sizes=\"(max-width: 300px) 100vw, 300px\" \/><\/a><figcaption id=\"caption-attachment-1068\" class=\"wp-caption-text\">\u00abAmar es para Siempre\u00bb Anten<\/figcaption><\/figure>\n<figure id=\"attachment_1078\" aria-describedby=\"caption-attachment-1078\" style=\"width: 263px\" class=\"wp-caption aligncenter\"><a style=\"color: #000000;\" href=\"http:\/\/javiervarelactor.com\/wp-content\/uploads\/2015\/04\/serramoura-elias.jpg\"><img loading=\"lazy\" decoding=\"async\" class=\"wp-image-1078\" title=\"serramoura elias\" src=\"http:\/\/javiervarelactor.com\/wp-content\/uploads\/2015\/04\/serramoura-elias-300x200.jpg\" alt=\"serramoura elias\" width=\"263\" height=\"175\" srcset=\"https:\/\/javiervarelactor.com\/wp-content\/uploads\/2015\/04\/serramoura-elias-300x200.jpg 300w, https:\/\/javiervarelactor.com\/wp-content\/uploads\/2015\/04\/serramoura-elias.jpg 472w\" sizes=\"(max-width: 263px) 100vw, 263px\" \/><\/a><figcaption id=\"caption-attachment-1078\" class=\"wp-caption-text\">\u00abSerramoura TVG\u00bb<\/figcaption><\/figure>\n<figure id=\"attachment_472\" aria-describedby=\"caption-attachment-472\" style=\"width: 170px\" class=\"wp-caption alignleft\"><img loading=\"lazy\" decoding=\"async\" class=\"wp-image-472\" src=\"http:\/\/javiervarelactor.com\/wp-content\/uploads\/2015\/09\/actor-javier-varela-225x300.jpg\" alt=\"actor javier varela\" width=\"170\" height=\"227\" srcset=\"https:\/\/javiervarelactor.com\/wp-content\/uploads\/2015\/09\/actor-javier-varela-225x300.jpg 225w, https:\/\/javiervarelactor.com\/wp-content\/uploads\/2015\/09\/actor-javier-varela.jpg 720w\" sizes=\"(max-width: 170px) 100vw, 170px\" \/><figcaption id=\"caption-attachment-472\" class=\"wp-caption-text\">Con Alberto Rodriguez en \u00abEl hombre de las mil caras\u00bb<\/figcaption><\/figure>\n<p><span style=\"color: #000000;\">Actor para <strong>spots<\/strong>\u00a0de publicidad y campa\u00f1as de marketing de marcas como RedBull, ABanca o Hyundai.<\/span><\/p>\n<h6 style=\"text-align: center;\"><span style=\"color: #000000;\">Con m\u00e1s de mil funciones a mis espaldas, el teatro sigue siendo ese lugar en el que entiendo realmente mi profesi\u00f3n de Actor.<\/span><\/h6>\n<div style=\"text-align: center;\">\n<p>V\u00eddeobook actor versi\u00f3n 2017<\/p>\n<p><iframe loading=\"lazy\" src=\"https:\/\/player.vimeo.com\/video\/215493362\" width=\"470\" height=\"260\" frameborder=\"0\" allowfullscreen=\"allowfullscreen\"><\/iframe><\/p>\n<\/div>\n<\/div>\n","protected":false},"excerpt":{"rendered":"<p>Actor gallego \u2013 Cine y televisi\u00f3n Soy actor: comprometido con cada proyecto y apasionado por la interpretaci\u00f3n. Disfruto de cada producci\u00f3n, desde la preparaci\u00f3n hasta el rodaje, cuidando cada detalle para ofrecer un trabajo s\u00f3lido y coherente. Mi experiencia me ha ense\u00f1ado a mantener profesionalidad y concentraci\u00f3n en todo tipo de situaciones: rodajes largos, momentos <a class=\"read-more\" href=\"https:\/\/javiervarelactor.com\/?page_id=75\">Leer m\u00e1s<\/a><\/p>\n","protected":false},"author":1,"featured_media":0,"parent":0,"menu_order":2,"comment_status":"closed","ping_status":"closed","template":"","meta":{"_monsterinsights_skip_tracking":false,"_monsterinsights_sitenote_active":false,"_monsterinsights_sitenote_note":"","_monsterinsights_sitenote_category":0,"footnotes":""},"yoast_head":"<!-- This site is optimized with the Yoast SEO plugin v22.7 - https:\/\/yoast.com\/wordpress\/plugins\/seo\/ -->\n<title>Actor gallego Javier Varela<\/title>\n<meta name=\"description\" content=\"Actor gallego de cine y televisi\u00f3n. Experiencia en series nacionales, pel\u00edculas y presentaciones, Contacta para casting de cine o televisi\u00f3n.\" \/>\n<meta name=\"robots\" content=\"index, follow, max-snippet:-1, max-image-preview:large, max-video-preview:-1\" \/>\n<link rel=\"canonical\" href=\"https:\/\/javiervarelactor.com\/?page_id=75\" \/>\n<meta property=\"og:locale\" content=\"es_ES\" \/>\n<meta property=\"og:type\" content=\"article\" \/>\n<meta property=\"og:title\" content=\"Actor gallego Javier Varela\" \/>\n<meta property=\"og:description\" content=\"Actor gallego de cine y televisi\u00f3n. Experiencia en series nacionales, pel\u00edculas y presentaciones, Contacta para casting de cine o televisi\u00f3n.\" \/>\n<meta property=\"og:url\" content=\"https:\/\/javiervarelactor.com\/?page_id=75\" \/>\n<meta property=\"og:site_name\" content=\"Javier Varela\" \/>\n<meta property=\"article:publisher\" content=\"https:\/\/www.facebook.com\/pages\/Javier-Varela\/145894855509796?sk=info&amp;amp%3bamp%3bamp%3bamp%3btab=page_info\" \/>\n<meta property=\"article:modified_time\" content=\"2026-02-13T17:15:25+00:00\" \/>\n<meta property=\"og:image\" content=\"http:\/\/javiervarelactor.com\/wp-content\/uploads\/2023\/06\/2023-Javier-Varela-Moises-Fdez-Acosta-book-moifernandez-023-150x150.jpg\" \/>\n<meta name=\"twitter:label1\" content=\"Tiempo de lectura\" \/>\n\t<meta name=\"twitter:data1\" content=\"3 minutos\" \/>\n<script type=\"application\/ld+json\" class=\"yoast-schema-graph\">{\"@context\":\"https:\/\/schema.org\",\"@graph\":[{\"@type\":\"WebPage\",\"@id\":\"https:\/\/javiervarelactor.com\/?page_id=75\",\"url\":\"https:\/\/javiervarelactor.com\/?page_id=75\",\"name\":\"Actor gallego Javier Varela\",\"isPartOf\":{\"@id\":\"https:\/\/javiervarelactor.com\/#website\"},\"primaryImageOfPage\":{\"@id\":\"https:\/\/javiervarelactor.com\/?page_id=75#primaryimage\"},\"image\":{\"@id\":\"https:\/\/javiervarelactor.com\/?page_id=75#primaryimage\"},\"thumbnailUrl\":\"http:\/\/javiervarelactor.com\/wp-content\/uploads\/2023\/11\/PHOTO-2023-11-01-19-36-52-300x200.jpg\",\"datePublished\":\"2015-04-08T12:46:19+00:00\",\"dateModified\":\"2026-02-13T17:15:25+00:00\",\"description\":\"Actor gallego de cine y televisi\u00f3n. Experiencia en series nacionales, pel\u00edculas y presentaciones, Contacta para casting de cine o televisi\u00f3n.\",\"breadcrumb\":{\"@id\":\"https:\/\/javiervarelactor.com\/?page_id=75#breadcrumb\"},\"inLanguage\":\"es\",\"potentialAction\":[{\"@type\":\"ReadAction\",\"target\":[\"https:\/\/javiervarelactor.com\/?page_id=75\"]}]},{\"@type\":\"ImageObject\",\"inLanguage\":\"es\",\"@id\":\"https:\/\/javiervarelactor.com\/?page_id=75#primaryimage\",\"url\":\"https:\/\/javiervarelactor.com\/wp-content\/uploads\/2023\/11\/PHOTO-2023-11-01-19-36-52.jpg\",\"contentUrl\":\"https:\/\/javiervarelactor.com\/wp-content\/uploads\/2023\/11\/PHOTO-2023-11-01-19-36-52.jpg\",\"width\":2048,\"height\":1362},{\"@type\":\"BreadcrumbList\",\"@id\":\"https:\/\/javiervarelactor.com\/?page_id=75#breadcrumb\",\"itemListElement\":[{\"@type\":\"ListItem\",\"position\":1,\"name\":\"Inicio\",\"item\":\"https:\/\/javiervarelactor.com\/\"},{\"@type\":\"ListItem\",\"position\":2,\"name\":\"Actor\"}]},{\"@type\":\"WebSite\",\"@id\":\"https:\/\/javiervarelactor.com\/#website\",\"url\":\"https:\/\/javiervarelactor.com\/\",\"name\":\"Javier Varela\",\"description\":\"Actor y Presentador\",\"potentialAction\":[{\"@type\":\"SearchAction\",\"target\":{\"@type\":\"EntryPoint\",\"urlTemplate\":\"https:\/\/javiervarelactor.com\/?s={search_term_string}\"},\"query-input\":\"required name=search_term_string\"}],\"inLanguage\":\"es\"}]}<\/script>\n<!-- \/ Yoast SEO plugin. -->","yoast_head_json":{"title":"Actor gallego Javier Varela","description":"Actor gallego de cine y televisi\u00f3n. Experiencia en series nacionales, pel\u00edculas y presentaciones, Contacta para casting de cine o televisi\u00f3n.","robots":{"index":"index","follow":"follow","max-snippet":"max-snippet:-1","max-image-preview":"max-image-preview:large","max-video-preview":"max-video-preview:-1"},"canonical":"https:\/\/javiervarelactor.com\/?page_id=75","og_locale":"es_ES","og_type":"article","og_title":"Actor gallego Javier Varela","og_description":"Actor gallego de cine y televisi\u00f3n. Experiencia en series nacionales, pel\u00edculas y presentaciones, Contacta para casting de cine o televisi\u00f3n.","og_url":"https:\/\/javiervarelactor.com\/?page_id=75","og_site_name":"Javier Varela","article_publisher":"https:\/\/www.facebook.com\/pages\/Javier-Varela\/145894855509796?sk=info&amp%3bamp%3bamp%3bamp%3btab=page_info","article_modified_time":"2026-02-13T17:15:25+00:00","og_image":[{"url":"http:\/\/javiervarelactor.com\/wp-content\/uploads\/2023\/06\/2023-Javier-Varela-Moises-Fdez-Acosta-book-moifernandez-023-150x150.jpg"}],"twitter_misc":{"Tiempo de lectura":"3 minutos"},"schema":{"@context":"https:\/\/schema.org","@graph":[{"@type":"WebPage","@id":"https:\/\/javiervarelactor.com\/?page_id=75","url":"https:\/\/javiervarelactor.com\/?page_id=75","name":"Actor gallego Javier Varela","isPartOf":{"@id":"https:\/\/javiervarelactor.com\/#website"},"primaryImageOfPage":{"@id":"https:\/\/javiervarelactor.com\/?page_id=75#primaryimage"},"image":{"@id":"https:\/\/javiervarelactor.com\/?page_id=75#primaryimage"},"thumbnailUrl":"http:\/\/javiervarelactor.com\/wp-content\/uploads\/2023\/11\/PHOTO-2023-11-01-19-36-52-300x200.jpg","datePublished":"2015-04-08T12:46:19+00:00","dateModified":"2026-02-13T17:15:25+00:00","description":"Actor gallego de cine y televisi\u00f3n. Experiencia en series nacionales, pel\u00edculas y presentaciones, Contacta para casting de cine o televisi\u00f3n.","breadcrumb":{"@id":"https:\/\/javiervarelactor.com\/?page_id=75#breadcrumb"},"inLanguage":"es","potentialAction":[{"@type":"ReadAction","target":["https:\/\/javiervarelactor.com\/?page_id=75"]}]},{"@type":"ImageObject","inLanguage":"es","@id":"https:\/\/javiervarelactor.com\/?page_id=75#primaryimage","url":"https:\/\/javiervarelactor.com\/wp-content\/uploads\/2023\/11\/PHOTO-2023-11-01-19-36-52.jpg","contentUrl":"https:\/\/javiervarelactor.com\/wp-content\/uploads\/2023\/11\/PHOTO-2023-11-01-19-36-52.jpg","width":2048,"height":1362},{"@type":"BreadcrumbList","@id":"https:\/\/javiervarelactor.com\/?page_id=75#breadcrumb","itemListElement":[{"@type":"ListItem","position":1,"name":"Inicio","item":"https:\/\/javiervarelactor.com\/"},{"@type":"ListItem","position":2,"name":"Actor"}]},{"@type":"WebSite","@id":"https:\/\/javiervarelactor.com\/#website","url":"https:\/\/javiervarelactor.com\/","name":"Javier Varela","description":"Actor y Presentador","potentialAction":[{"@type":"SearchAction","target":{"@type":"EntryPoint","urlTemplate":"https:\/\/javiervarelactor.com\/?s={search_term_string}"},"query-input":"required name=search_term_string"}],"inLanguage":"es"}]}},"_links":{"self":[{"href":"https:\/\/javiervarelactor.com\/index.php?rest_route=\/wp\/v2\/pages\/75"}],"collection":[{"href":"https:\/\/javiervarelactor.com\/index.php?rest_route=\/wp\/v2\/pages"}],"about":[{"href":"https:\/\/javiervarelactor.com\/index.php?rest_route=\/wp\/v2\/types\/page"}],"author":[{"embeddable":true,"href":"https:\/\/javiervarelactor.com\/index.php?rest_route=\/wp\/v2\/users\/1"}],"replies":[{"embeddable":true,"href":"https:\/\/javiervarelactor.com\/index.php?rest_route=%2Fwp%2Fv2%2Fcomments&post=75"}],"version-history":[{"count":69,"href":"https:\/\/javiervarelactor.com\/index.php?rest_route=\/wp\/v2\/pages\/75\/revisions"}],"predecessor-version":[{"id":2095,"href":"https:\/\/javiervarelactor.com\/index.php?rest_route=\/wp\/v2\/pages\/75\/revisions\/2095"}],"wp:attachment":[{"href":"https:\/\/javiervarelactor.com\/index.php?rest_route=%2Fwp%2Fv2%2Fmedia&parent=75"}],"curies":[{"name":"wp","href":"https:\/\/api.w.org\/{rel}","templated":true}]}}