{"id":69,"date":"2015-04-08T12:36:51","date_gmt":"2015-04-08T12:36:51","guid":{"rendered":"http:\/\/cetras.org\/javiervarela\/?page_id=69"},"modified":"2026-02-13T17:16:06","modified_gmt":"2026-02-13T17:16:06","slug":"contacto","status":"publish","type":"page","link":"https:\/\/javiervarelactor.com\/?page_id=69","title":{"rendered":"Contacto"},"content":{"rendered":"<p data-start=\"0\" data-end=\"52\"><span style=\"color: #000000;\"><strong data-start=\"0\" data-end=\"28\"><img loading=\"lazy\" decoding=\"async\" class=\" wp-image-1388 alignleft\" src=\"http:\/\/javiervarelactor.com\/wp-content\/uploads\/2015\/04\/MG_1351_RET_BASIC-300x200.jpg\" alt=\"contacto javier varela\" width=\"182\" height=\"121\" srcset=\"https:\/\/javiervarelactor.com\/wp-content\/uploads\/2015\/04\/MG_1351_RET_BASIC-300x200.jpg 300w, https:\/\/javiervarelactor.com\/wp-content\/uploads\/2015\/04\/MG_1351_RET_BASIC-1024x683.jpg 1024w\" sizes=\"(max-width: 182px) 100vw, 182px\" \/>Contacto \u2013 Javier Varela<\/strong><\/span><br data-start=\"28\" data-end=\"31\" \/><span style=\"color: #000000;\">Actor y Presentador<\/span><\/p>\n<p data-start=\"54\" data-end=\"175\"><span style=\"color: #000000;\">Si quieres ponerte en contacto conmigo, puedes hacerlo a trav\u00e9s del siguiente formulario. Te responder\u00e9 lo antes posible.<\/span><\/p>\n<p data-start=\"177\" data-end=\"365\" data-is-last-node=\"\" data-is-only-node=\"\"><span style=\"color: #000000;\">Cu\u00e9ntame brevemente en el apartado de comentarios en qu\u00e9 puedo ayudarte \u2014informaci\u00f3n, disponibilidad, propuesta de proyecto o contrataci\u00f3n\u2014 y te contestar\u00e9 con la mayor rapidez y atenci\u00f3n. O si lo prefieres, ll\u00e1mame al<strong> 629 487 556<\/strong><\/span><\/p>\n\n<div class=\"wpcf7 no-js\" id=\"wpcf7-f1975-o1\" lang=\"es-ES\" dir=\"ltr\">\n<div class=\"screen-reader-response\"><p role=\"status\" aria-live=\"polite\" aria-atomic=\"true\"><\/p> <ul><\/ul><\/div>\n<form action=\"\/index.php?rest_route=%2Fwp%2Fv2%2Fpages%2F69#wpcf7-f1975-o1\" method=\"post\" class=\"wpcf7-form init\" aria-label=\"Formulario de contacto\" novalidate=\"novalidate\" data-status=\"init\">\n<div style=\"display: none;\">\n<input type=\"hidden\" name=\"_wpcf7\" value=\"1975\" \/>\n<input type=\"hidden\" name=\"_wpcf7_version\" value=\"5.9.4\" \/>\n<input type=\"hidden\" name=\"_wpcf7_locale\" value=\"es_ES\" \/>\n<input type=\"hidden\" name=\"_wpcf7_unit_tag\" value=\"wpcf7-f1975-o1\" \/>\n<input type=\"hidden\" name=\"_wpcf7_container_post\" value=\"0\" \/>\n<input type=\"hidden\" name=\"_wpcf7_posted_data_hash\" value=\"\" \/>\n<\/div>\n<p><label> Tu nombre<br \/>\n<span class=\"wpcf7-form-control-wrap\" data-name=\"your-name\"><input size=\"40\" class=\"wpcf7-form-control wpcf7-text wpcf7-validates-as-required\" autocomplete=\"name\" aria-required=\"true\" aria-invalid=\"false\" value=\"\" type=\"text\" name=\"your-name\" \/><\/span> <\/label>\n<\/p>\n<p><label> Mail<br \/>\n<span class=\"wpcf7-form-control-wrap\" data-name=\"your-email\"><input size=\"40\" class=\"wpcf7-form-control wpcf7-email wpcf7-validates-as-required wpcf7-text wpcf7-validates-as-email\" autocomplete=\"email\" aria-required=\"true\" aria-invalid=\"false\" value=\"\" type=\"email\" name=\"your-email\" \/><\/span> <\/label>\n<\/p>\n<p><label> Asunto<br \/>\n<span class=\"wpcf7-form-control-wrap\" data-name=\"your-subject\"><input size=\"40\" class=\"wpcf7-form-control wpcf7-text wpcf7-validates-as-required\" aria-required=\"true\" aria-invalid=\"false\" value=\"\" type=\"text\" name=\"your-subject\" \/><\/span> <\/label>\n<\/p>\n<p><label> Tu mensaje<br \/>\n<span class=\"wpcf7-form-control-wrap\" data-name=\"your-message\"><textarea cols=\"40\" rows=\"10\" class=\"wpcf7-form-control wpcf7-textarea\" aria-invalid=\"false\" name=\"your-message\"><\/textarea><\/span> <\/label>\n<\/p>\n<p><input class=\"wpcf7-form-control wpcf7-submit has-spinner\" type=\"submit\" value=\"Enviar\" \/>\n<\/p><p style=\"display: none !important;\" class=\"akismet-fields-container\" data-prefix=\"_wpcf7_ak_\"><label>&#916;<textarea name=\"_wpcf7_ak_hp_textarea\" cols=\"45\" rows=\"8\" maxlength=\"100\"><\/textarea><\/label><input type=\"hidden\" id=\"ak_js_1\" name=\"_wpcf7_ak_js\" value=\"50\"\/><script>document.getElementById( \"ak_js_1\" ).setAttribute( \"value\", ( new Date() ).getTime() );<\/script><\/p><div class=\"wpcf7-response-output\" aria-hidden=\"true\"><\/div>\n<\/form>\n<\/div>\n\n<div style=\"text-align: center;\">\n<p style=\"text-align: left;\"><strong>S\u00edgueme en redes sociales<\/strong><\/p>\n<p><figure id=\"attachment_1053\" aria-describedby=\"caption-attachment-1053\" style=\"width: 61px\" class=\"wp-caption alignleft\"><a href=\"https:\/\/www.facebook.com\/javiervarelactor\/\" target=\"_blank\" rel=\"noopener noreferrer\"><img loading=\"lazy\" decoding=\"async\" class=\"wp-image-1053\" title=\"Javier Varela Facebook\" src=\"http:\/\/javiervarelactor.com\/wp-content\/uploads\/2015\/04\/conjunto-colorido-y-circular-de-iconos-de-las-redes-sociales_1043-140.png\" alt=\"Javier Varela Facebook\" width=\"61\" height=\"64\" \/><\/a><figcaption id=\"caption-attachment-1053\" class=\"wp-caption-text\"><em>Facebook<\/em><\/figcaption><\/figure><br \/>\n<br \/>\n<figure id=\"attachment_1054\" aria-describedby=\"caption-attachment-1054\" style=\"width: 52px\" class=\"wp-caption alignleft\"><a href=\"https:\/\/twitter.com\/javiervarelas\" target=\"_blank\" rel=\"noopener noreferrer\"><img loading=\"lazy\" decoding=\"async\" class=\"wp-image-1054\" title=\"javier varela twitter\" src=\"http:\/\/javiervarelactor.com\/wp-content\/uploads\/2015\/04\/New-Project-1.png\" alt=\"javier varela twitter\" width=\"52\" height=\"51\" \/><\/a><figcaption id=\"caption-attachment-1054\" class=\"wp-caption-text\"><em>Twitter<\/em><\/figcaption><\/figure><br \/>\n<br \/>\n<figure id=\"attachment_1055\" aria-describedby=\"caption-attachment-1055\" style=\"width: 56px\" class=\"wp-caption alignleft\"><a href=\"http:\/\/instagram.com\/javiervarelactor\" target=\"_blank\" rel=\"noopener noreferrer\"><img loading=\"lazy\" decoding=\"async\" class=\"wp-image-1055\" title=\"javier varela instagram\" src=\"http:\/\/javiervarelactor.com\/wp-content\/uploads\/2015\/04\/New-Project.png\" alt=\"javier varela instagram\" width=\"56\" height=\"57\" \/><\/a><figcaption id=\"caption-attachment-1055\" class=\"wp-caption-text\"><em>Instagram<\/em><\/figcaption><\/figure>\n<\/div>\n<div style=\"text-align: center;\">\n<p style=\"text-align: right;\">.<\/p>\n<\/div>\n\n\n<p>Actor de cine y televisi\u00f3n.<\/p>\n\n\n\n<p>Servicios creativos para eventos.<\/p>\n\n\n\n<p>Producciones audiovisuales con equipos profesionales.<\/p>\n\n\n\n<p>Presentaci\u00f3n de eventos.<\/p>\n\n\n\n<p>Maestro de Ceremonias.<\/p>\n\n\n\n<p>Monologuista.<\/p>\n\n\n\n<p>Locuci\u00f3n y doblaje.<\/p>\n\n\n\n<p>Encantado de colaborar contigo<\/p>\n\n\n\n<p>Actor gallego de cine y televisi\u00f3n. Experiencia en series nacionales, pel\u00edculas y presentaciones, Contacta para casting de cine o televisi\u00f3n.<\/p>\n","protected":false},"excerpt":{"rendered":"<p>Contacto \u2013 Javier VarelaActor y Presentador Si quieres ponerte en contacto conmigo, puedes hacerlo a trav\u00e9s del siguiente formulario. Te responder\u00e9 lo antes posible. Cu\u00e9ntame brevemente en el apartado de comentarios en qu\u00e9 puedo ayudarte \u2014informaci\u00f3n, disponibilidad, propuesta de proyecto o contrataci\u00f3n\u2014 y te contestar\u00e9 con la mayor rapidez y atenci\u00f3n. O si lo prefieres, <a class=\"read-more\" href=\"https:\/\/javiervarelactor.com\/?page_id=69\">Leer m\u00e1s<\/a><\/p>\n","protected":false},"author":1,"featured_media":0,"parent":0,"menu_order":5,"comment_status":"closed","ping_status":"closed","template":"","meta":{"_monsterinsights_skip_tracking":false,"_monsterinsights_sitenote_active":false,"_monsterinsights_sitenote_note":"","_monsterinsights_sitenote_category":0,"footnotes":""},"yoast_head":"<!-- This site is optimized with the Yoast SEO plugin v22.7 - https:\/\/yoast.com\/wordpress\/plugins\/seo\/ -->\n<title>Actor y presentador - Contacto Javier Varela<\/title>\n<meta name=\"description\" content=\"Actor gallego de cine y televisi\u00f3n. Experiencia en series nacionales, pel\u00edculas y presentaciones, Contacta para casting de cine o televisi\u00f3n.\" \/>\n<meta name=\"robots\" content=\"index, follow, max-snippet:-1, max-image-preview:large, max-video-preview:-1\" \/>\n<link rel=\"canonical\" href=\"https:\/\/javiervarelactor.com\/?page_id=69\" \/>\n<meta property=\"og:locale\" content=\"es_ES\" \/>\n<meta property=\"og:type\" content=\"article\" \/>\n<meta property=\"og:title\" content=\"Actor y presentador - Contacto Javier Varela\" \/>\n<meta property=\"og:description\" content=\"Actor gallego de cine y televisi\u00f3n. Experiencia en series nacionales, pel\u00edculas y presentaciones, Contacta para casting de cine o televisi\u00f3n.\" \/>\n<meta property=\"og:url\" content=\"https:\/\/javiervarelactor.com\/?page_id=69\" \/>\n<meta property=\"og:site_name\" content=\"Javier Varela\" \/>\n<meta property=\"article:publisher\" content=\"https:\/\/www.facebook.com\/pages\/Javier-Varela\/145894855509796?sk=info&amp;amp%3bamp%3bamp%3bamp%3btab=page_info\" \/>\n<meta property=\"article:modified_time\" content=\"2026-02-13T17:16:06+00:00\" \/>\n<meta property=\"og:image\" content=\"http:\/\/javiervarelactor.com\/wp-content\/uploads\/2015\/04\/MG_1351_RET_BASIC-300x200.jpg\" \/>\n<meta name=\"twitter:label1\" content=\"Tiempo de lectura\" \/>\n\t<meta name=\"twitter:data1\" content=\"2 minutos\" \/>\n<script type=\"application\/ld+json\" class=\"yoast-schema-graph\">{\"@context\":\"https:\/\/schema.org\",\"@graph\":[{\"@type\":\"WebPage\",\"@id\":\"https:\/\/javiervarelactor.com\/?page_id=69\",\"url\":\"https:\/\/javiervarelactor.com\/?page_id=69\",\"name\":\"Actor y presentador - Contacto Javier Varela\",\"isPartOf\":{\"@id\":\"https:\/\/javiervarelactor.com\/#website\"},\"primaryImageOfPage\":{\"@id\":\"https:\/\/javiervarelactor.com\/?page_id=69#primaryimage\"},\"image\":{\"@id\":\"https:\/\/javiervarelactor.com\/?page_id=69#primaryimage\"},\"thumbnailUrl\":\"http:\/\/javiervarelactor.com\/wp-content\/uploads\/2015\/04\/MG_1351_RET_BASIC-300x200.jpg\",\"datePublished\":\"2015-04-08T12:36:51+00:00\",\"dateModified\":\"2026-02-13T17:16:06+00:00\",\"description\":\"Actor gallego de cine y televisi\u00f3n. Experiencia en series nacionales, pel\u00edculas y presentaciones, Contacta para casting de cine o televisi\u00f3n.\",\"breadcrumb\":{\"@id\":\"https:\/\/javiervarelactor.com\/?page_id=69#breadcrumb\"},\"inLanguage\":\"es\",\"potentialAction\":[{\"@type\":\"ReadAction\",\"target\":[\"https:\/\/javiervarelactor.com\/?page_id=69\"]}]},{\"@type\":\"ImageObject\",\"inLanguage\":\"es\",\"@id\":\"https:\/\/javiervarelactor.com\/?page_id=69#primaryimage\",\"url\":\"https:\/\/javiervarelactor.com\/wp-content\/uploads\/2015\/04\/MG_1351_RET_BASIC.jpg\",\"contentUrl\":\"https:\/\/javiervarelactor.com\/wp-content\/uploads\/2015\/04\/MG_1351_RET_BASIC.jpg\",\"width\":5616,\"height\":3744,\"caption\":\"contacto javier varela\"},{\"@type\":\"BreadcrumbList\",\"@id\":\"https:\/\/javiervarelactor.com\/?page_id=69#breadcrumb\",\"itemListElement\":[{\"@type\":\"ListItem\",\"position\":1,\"name\":\"Inicio\",\"item\":\"https:\/\/javiervarelactor.com\/\"},{\"@type\":\"ListItem\",\"position\":2,\"name\":\"Contacto\"}]},{\"@type\":\"WebSite\",\"@id\":\"https:\/\/javiervarelactor.com\/#website\",\"url\":\"https:\/\/javiervarelactor.com\/\",\"name\":\"Javier Varela\",\"description\":\"Actor y Presentador\",\"potentialAction\":[{\"@type\":\"SearchAction\",\"target\":{\"@type\":\"EntryPoint\",\"urlTemplate\":\"https:\/\/javiervarelactor.com\/?s={search_term_string}\"},\"query-input\":\"required name=search_term_string\"}],\"inLanguage\":\"es\"}]}<\/script>\n<!-- \/ Yoast SEO plugin. -->","yoast_head_json":{"title":"Actor y presentador - Contacto Javier Varela","description":"Actor gallego de cine y televisi\u00f3n. Experiencia en series nacionales, pel\u00edculas y presentaciones, Contacta para casting de cine o televisi\u00f3n.","robots":{"index":"index","follow":"follow","max-snippet":"max-snippet:-1","max-image-preview":"max-image-preview:large","max-video-preview":"max-video-preview:-1"},"canonical":"https:\/\/javiervarelactor.com\/?page_id=69","og_locale":"es_ES","og_type":"article","og_title":"Actor y presentador - Contacto Javier Varela","og_description":"Actor gallego de cine y televisi\u00f3n. Experiencia en series nacionales, pel\u00edculas y presentaciones, Contacta para casting de cine o televisi\u00f3n.","og_url":"https:\/\/javiervarelactor.com\/?page_id=69","og_site_name":"Javier Varela","article_publisher":"https:\/\/www.facebook.com\/pages\/Javier-Varela\/145894855509796?sk=info&amp%3bamp%3bamp%3bamp%3btab=page_info","article_modified_time":"2026-02-13T17:16:06+00:00","og_image":[{"url":"http:\/\/javiervarelactor.com\/wp-content\/uploads\/2015\/04\/MG_1351_RET_BASIC-300x200.jpg"}],"twitter_misc":{"Tiempo de lectura":"2 minutos"},"schema":{"@context":"https:\/\/schema.org","@graph":[{"@type":"WebPage","@id":"https:\/\/javiervarelactor.com\/?page_id=69","url":"https:\/\/javiervarelactor.com\/?page_id=69","name":"Actor y presentador - Contacto Javier Varela","isPartOf":{"@id":"https:\/\/javiervarelactor.com\/#website"},"primaryImageOfPage":{"@id":"https:\/\/javiervarelactor.com\/?page_id=69#primaryimage"},"image":{"@id":"https:\/\/javiervarelactor.com\/?page_id=69#primaryimage"},"thumbnailUrl":"http:\/\/javiervarelactor.com\/wp-content\/uploads\/2015\/04\/MG_1351_RET_BASIC-300x200.jpg","datePublished":"2015-04-08T12:36:51+00:00","dateModified":"2026-02-13T17:16:06+00:00","description":"Actor gallego de cine y televisi\u00f3n. Experiencia en series nacionales, pel\u00edculas y presentaciones, Contacta para casting de cine o televisi\u00f3n.","breadcrumb":{"@id":"https:\/\/javiervarelactor.com\/?page_id=69#breadcrumb"},"inLanguage":"es","potentialAction":[{"@type":"ReadAction","target":["https:\/\/javiervarelactor.com\/?page_id=69"]}]},{"@type":"ImageObject","inLanguage":"es","@id":"https:\/\/javiervarelactor.com\/?page_id=69#primaryimage","url":"https:\/\/javiervarelactor.com\/wp-content\/uploads\/2015\/04\/MG_1351_RET_BASIC.jpg","contentUrl":"https:\/\/javiervarelactor.com\/wp-content\/uploads\/2015\/04\/MG_1351_RET_BASIC.jpg","width":5616,"height":3744,"caption":"contacto javier varela"},{"@type":"BreadcrumbList","@id":"https:\/\/javiervarelactor.com\/?page_id=69#breadcrumb","itemListElement":[{"@type":"ListItem","position":1,"name":"Inicio","item":"https:\/\/javiervarelactor.com\/"},{"@type":"ListItem","position":2,"name":"Contacto"}]},{"@type":"WebSite","@id":"https:\/\/javiervarelactor.com\/#website","url":"https:\/\/javiervarelactor.com\/","name":"Javier Varela","description":"Actor y Presentador","potentialAction":[{"@type":"SearchAction","target":{"@type":"EntryPoint","urlTemplate":"https:\/\/javiervarelactor.com\/?s={search_term_string}"},"query-input":"required name=search_term_string"}],"inLanguage":"es"}]}},"_links":{"self":[{"href":"https:\/\/javiervarelactor.com\/index.php?rest_route=\/wp\/v2\/pages\/69"}],"collection":[{"href":"https:\/\/javiervarelactor.com\/index.php?rest_route=\/wp\/v2\/pages"}],"about":[{"href":"https:\/\/javiervarelactor.com\/index.php?rest_route=\/wp\/v2\/types\/page"}],"author":[{"embeddable":true,"href":"https:\/\/javiervarelactor.com\/index.php?rest_route=\/wp\/v2\/users\/1"}],"replies":[{"embeddable":true,"href":"https:\/\/javiervarelactor.com\/index.php?rest_route=%2Fwp%2Fv2%2Fcomments&post=69"}],"version-history":[{"count":56,"href":"https:\/\/javiervarelactor.com\/index.php?rest_route=\/wp\/v2\/pages\/69\/revisions"}],"predecessor-version":[{"id":2097,"href":"https:\/\/javiervarelactor.com\/index.php?rest_route=\/wp\/v2\/pages\/69\/revisions\/2097"}],"wp:attachment":[{"href":"https:\/\/javiervarelactor.com\/index.php?rest_route=%2Fwp%2Fv2%2Fmedia&parent=69"}],"curies":[{"name":"wp","href":"https:\/\/api.w.org\/{rel}","templated":true}]}}