{"id":565,"date":"2015-11-18T10:22:11","date_gmt":"2015-11-18T10:22:11","guid":{"rendered":"http:\/\/javiervarelactor.com\/?page_id=565"},"modified":"2026-03-23T22:20:34","modified_gmt":"2026-03-23T22:20:34","slug":"presentador-eventos-valladolid-y-galicia","status":"publish","type":"page","link":"https:\/\/javiervarelactor.com\/?page_id=565","title":{"rendered":"Presentador"},"content":{"rendered":"\n<div class=\"wp-block-group\"><div class=\"wp-block-group__inner-container is-layout-constrained wp-block-group-is-layout-constrained\">\n<p data-start=\"0\" data-end=\"430\"><img loading=\"lazy\" decoding=\"async\" class=\"wp-image-2078 alignleft\" src=\"http:\/\/javiervarelactor.com\/wp-content\/uploads\/2026\/02\/presentador-eventos-institucionales-valladolid-300x200.jpg\" alt=\"presentador eventos institucionales valladolid\" width=\"347\" height=\"231\" srcset=\"https:\/\/javiervarelactor.com\/wp-content\/uploads\/2026\/02\/presentador-eventos-institucionales-valladolid-300x200.jpg 300w, https:\/\/javiervarelactor.com\/wp-content\/uploads\/2026\/02\/presentador-eventos-institucionales-valladolid-1024x683.jpg 1024w, https:\/\/javiervarelactor.com\/wp-content\/uploads\/2026\/02\/presentador-eventos-institucionales-valladolid-768x512.jpg 768w, https:\/\/javiervarelactor.com\/wp-content\/uploads\/2026\/02\/presentador-eventos-institucionales-valladolid-1536x1024.jpg 1536w, https:\/\/javiervarelactor.com\/wp-content\/uploads\/2026\/02\/presentador-eventos-institucionales-valladolid-2048x1365.jpg 2048w\" sizes=\"(max-width: 347px) 100vw, 347px\" \/><span style=\"color: #000000;\">A lo largo de mi trayectoria he desarrollado una s\u00f3lida experiencia como <strong data-start=\"73\" data-end=\"115\">presentador de eventos y de televisi\u00f3n<\/strong>, participando en formatos muy diversos tanto en plat\u00f3 como en <strong>directo<\/strong>.<\/span><\/p>\n<p data-start=\"0\" data-end=\"430\"><span style=\"color: #000000;\">He conducido programas de distintos estilos y dirigido a diferentes p\u00fablicos, as\u00ed como <strong>eventos corporativos<\/strong>, <strong>espect\u00e1culos<\/strong> y animaciones, lo que me ha permitido consolidar un perfil vers\u00e1til y reforzar mi capacidad de adaptaci\u00f3n ante p\u00fablicos y contextos diferentes.<\/span><\/p>\n<p data-start=\"432\" data-end=\"772\"><span style=\"color: #000000;\">Cada proyecto representa es una oportunidad para aportar <em>rigor, dinamismo y calidad<\/em>, siempre desde el compromiso, la preparaci\u00f3n y el respeto por el trabajo en equipo. <\/span><\/p>\n<p data-start=\"432\" data-end=\"772\"><span style=\"color: #000000;\">Entiendo la presentaci\u00f3n como una responsabilidad profesional: dar <strong>coherencia al contenido<\/strong>, mantener el <strong>ritmo<\/strong> adecuado y generar una <strong>conexi\u00f3n<\/strong> natural con la audiencia.<\/span><\/p>\n<p data-start=\"432\" data-end=\"772\"><span style=\"color: #000000;\">Mi objetivo en cada proyecto, ya sea como <strong>presentador de eventos o de televisi\u00f3n<\/strong>, es ofrecer un trabajo s\u00f3lido, cuidado y alineado con las necesidades del cliente y las expectativas del p\u00fablico.<\/span><\/p>\n<p data-start=\"774\" data-end=\"895\"><span style=\"color: #000000;\">Como presentador de televisi\u00f3n en el canal de mayor audiencia en Galicia, he estado al frente de diferentes formatos:<\/span><\/p>\n<h5 data-start=\"900\" data-end=\"940\"><em><span style=\"color: #000000;\"><u>\u00ab<strong>Imos de Feira<\/strong>\u00bb TVG 2019-2021-3\u00aa temporada <strong>2023 <\/strong><\/u>\u00abSem Fronteiras\u00bb TVG.RTP 2021 \u00abGa\u00f1a a tua sorte\u00bb\u00a0 TVG 2017-2018-2019 \u00abM\u00e1is Galego\u00bb Tvg 2013, \u00abDelincuentes Torpes\u00bb Tvg 2012, \u00abPolo Chan\u00bb Tvg 2011<\/span><\/em><\/h5>\n<p data-start=\"1052\" data-end=\"1259\"><span style=\"color: #000000;\">Estas experiencias han fortalecido mi capacidad para adaptarme a distintos registros \u2014desde el entretenimiento hasta el formato divulgativo\u2014 manteniendo siempre un est\u00e1ndar alto de profesionalidad y calidad. Como presentador de televisi\u00f3n he podido disfrutar del trabajo intenso, exigente y sometido a tiempos y necesidades muy concretas.<\/span><\/p>\n<p data-start=\"1261\" data-end=\"1455\" data-is-last-node=\"\" data-is-only-node=\"\"><span style=\"color: #000000;\">Estas son algunas muestras de mi trabajo como presentador de programas de televisi\u00f3n o eventos. \u00bfNecesitas contar conmigo para darle dinamismo a tu evento? \u00a1contacta!<\/span><\/p>\n<p style=\"text-align: left;\"><span style=\"color: #000000;\">\u00a0<\/span><\/p>\n<center><iframe loading=\"lazy\" src=\"https:\/\/player.vimeo.com\/video\/258147939\" width=\"560\" height=\"315\" frameborder=\"0\" allowfullscreen=\"allowfullscreen\"><\/iframe><\/center><center><span style=\"color: #000000;\"><a style=\"color: #000000;\" href=\"https:\/\/vimeo.com\/258147939\">Presentador eventos Javier Varela<\/a> .<\/span><\/center>\n<h3 style=\"text-align: center;\"><span style=\"color: #000000;\">Personaliza tu evento con <strong>SERVICIOS CREATIVOS PARA EVENTOS<\/strong><\/span><\/h3>\n<ul>\n<li style=\"text-align: left;\"><span style=\"color: #000000;\"><strong>Producciones en exclusiva<\/strong>: guion, direcci\u00f3n, producci\u00f3n y presentaci\u00f3n. Como aval, la confianza que compa\u00f1\u00edas como, Metrolec o Gepsa Citr\u00f6en Vigo que han depositado en mi durante varios a\u00f1os. Aqu\u00ed un ejemplo del <a style=\"color: #000000;\" href=\"https:\/\/www.youtube.com\/watch?v=2n_UE9aX-o8&amp;list=PLhq_I49nengatyCMj8tgh3r5JHRB99VL9\" target=\"_blank\" rel=\"noopener noreferrer\">evento completo<\/a>.<\/span><\/li>\n<li style=\"text-align: left;\"><span style=\"color: #000000;\"><strong>Mon\u00f3logos personalizados<\/strong>: espect\u00e1culos de duraci\u00f3n variable con contenidos personalizados. Canciones c\u00f3micas personalizadas <a style=\"color: #000000;\" href=\"https:\/\/youtu.be\/vEgJyCJNS5o\" target=\"_blank\" rel=\"noopener noreferrer\">(ver ejemplo aqu\u00ed)<\/a><\/span><\/li>\n<\/ul>\n<h5 style=\"text-align: center;\"><span style=\"text-decoration: underline; color: #000000;\">Gala del Deporte Vilalba <br \/><\/span><\/h5>\n<center><iframe loading=\"lazy\" src=\"https:\/\/www.youtube.com\/embed\/gZbKY5N8p0c\" width=\"360\" height=\"215\" frameborder=\"0\" allowfullscreen=\"allowfullscreen\"><\/iframe><\/center><center><\/center><center><\/center><center><span style=\"text-decoration: underline; color: #000000;\">Evento personalizado Gala IFC Lisboa <br \/><\/span><\/center>\n<h5 style=\"text-align: center;\"><span style=\"color: #000000;\"><img loading=\"lazy\" decoding=\"async\" class=\"wp-image-485 aligncenter\" src=\"http:\/\/javiervarelactor.com\/wp-content\/uploads\/2015\/04\/presentador-eventos2-300x225.jpg\" alt=\"presentador eventos\" width=\"132\" height=\"99\" srcset=\"https:\/\/javiervarelactor.com\/wp-content\/uploads\/2015\/04\/presentador-eventos2-300x225.jpg 300w, https:\/\/javiervarelactor.com\/wp-content\/uploads\/2015\/04\/presentador-eventos2.jpg 852w\" sizes=\"(max-width: 132px) 100vw, 132px\" \/><\/span><\/h5>\n<div align=\"center\"><iframe loading=\"lazy\" src=\"https:\/\/www.youtube.com\/embed\/ViqHMrEzL0I\" width=\"260\" height=\"260\" frameborder=\"0\" allowfullscreen=\"allowfullscreen\"><\/iframe><\/div>\n<p style=\"text-align: left;\"><span style=\"color: #000000;\">Este es mi trabajo como presentador de eventos: dinamizar al p\u00fablico, mantener la atenci\u00f3n, divertir o informar \u00bf<strong>c\u00f3mo quieres que sea tu evento<\/strong>?\u00bfcu\u00e1les son tus objetivos?<\/span><\/p>\n<p style=\"text-align: left;\"><span style=\"color: #000000;\">Cu\u00e9ntame en qu\u00e9 consiste tu evento, inventemos. La <strong>adaptaci\u00f3n<\/strong>\u00a0del presentador a todo tipo de registros y tonos seg\u00fan las necesidades; es una de mis caracter\u00edsticas como <strong>animador para\u00a0eventos en Valladolid, Madrid o Galicia<\/strong>.<\/span><a href=\"http:\/\/javiervarelactor.com\/wp-content\/uploads\/2015\/04\/presentador-eventos.jpg\"><img loading=\"lazy\" decoding=\"async\" class=\"wp-image-163 alignright\" src=\"http:\/\/javiervarelactor.com\/wp-content\/uploads\/2015\/04\/presentador-eventos-300x144.jpg\" alt=\"presentador eventos\" width=\"208\" height=\"100\" srcset=\"https:\/\/javiervarelactor.com\/wp-content\/uploads\/2015\/04\/presentador-eventos-300x144.jpg 300w, https:\/\/javiervarelactor.com\/wp-content\/uploads\/2015\/04\/presentador-eventos.jpg 1000w\" sizes=\"(max-width: 208px) 100vw, 208px\" \/><\/a><\/p>\n<p style=\"text-align: left;\"><span style=\"color: #000000;\">\u00bfBuscas un <strong>animador para eventos <\/strong>? Experiencia, dedicaci\u00f3n y efectividad.<\/span><\/p>\n<p style=\"text-align: left;\"><span style=\"color: #000000;\">Contacta conmigo como <strong>presentador de eventos en Valladolid, Madrid o Galicia<\/strong>.<\/span><\/p>\n<p style=\"text-align: left;\"><span style=\"color: #000000;\">Creatividad,\u00a0adaptaci\u00f3n y profesionalidad.<\/span><\/p>\n<p style=\"text-align: left;\"><span style=\"color: #000000;\">\u00a0Tus eventos y fiestas<\/span><span style=\"color: #000000;\"><strong>\u00a0van a ser muy especiales por menos de lo que imaginas.<br \/><\/strong><\/span><\/p>\n<h4 style=\"text-align: left;\"><span style=\"color: #000000;\">Cu\u00e9ntame d\u00f3nde se celebra vuestro evento y comencemos a imaginar.<\/span><\/h4>\n<ul>\n<li><span style=\"color: #000000;\">Presentador eventos Valladolid, Madrid, zona norte y Galicia.<\/span><\/li>\n<li><span style=\"color: #000000;\">Creaci\u00f3n de guiones<\/span><\/li>\n<li><span style=\"color: #000000;\">Presentador\/Animador<\/span><\/li>\n<li><span style=\"color: #000000;\">Actor<\/span><\/li>\n<li><span style=\"color: #000000;\">Monologuista<\/span><\/li>\n<\/ul>\n<h4><span style=\"color: #000000;\">\u00bfPara qu\u00e9 tipo de eventos?<\/span><\/h4>\n<ul>\n<li><span style=\"color: #000000;\">Eventos corporativos<br \/><\/span><\/li>\n<li><span style=\"color: #000000;\">Presentaci\u00f3n de productos<\/span><\/li>\n<li><span style=\"color: #000000;\">Congresos<\/span><\/li>\n<li><span style=\"color: #000000;\">Cenas y comidas de empresa<\/span><\/li>\n<li><span style=\"color: #000000;\">Mon\u00f3logos<\/span><\/li>\n<li><span style=\"color: #000000;\">Eventos corporativos<\/span><\/li>\n<li><span style=\"color: #000000;\"><span style=\"color: #000000;\">Fiestas de Navidad <\/span><\/span><\/li>\n<li><span style=\"color: #000000;\"><span style=\"color: #000000;\">JAVIER VARELA portfolio<\/span><\/span>\n<h4><span style=\"color: #000000;\">\u00bfQu\u00e9 equipos han confiado en mi como Presentador de Eventos?<\/span><\/h4>\n<\/li>\n<\/ul>\n<p><a href=\"https:\/\/metrolec.es\/\">Metrolec <\/a><a href=\"https:\/\/www.sensilis.com\/\" target=\"_blank\" rel=\"noopener noreferrer\">Sensilis<\/a>\u00a0<a href=\"https:\/\/www.cantabrialabs.es\/\" target=\"_blank\" rel=\"noopener noreferrer\">IFC CantabriaLabs<\/a> Concellos de Vilalba, Pontenova, Baiona, Arteixo&#8230; Citro\u00ebn, RedBull, Groupon, Conteam&#8230;<\/p>\n<p><em><strong>Servicios creativos exclusivos para eventos<\/strong><\/em><\/p>\n<\/div><\/div>\n\n\n\n<p><strong>\n<div class=\"wpcf7 no-js\" id=\"wpcf7-f1975-o1\" lang=\"es-ES\" dir=\"ltr\">\n<div class=\"screen-reader-response\"><p role=\"status\" aria-live=\"polite\" aria-atomic=\"true\"><\/p> <ul><\/ul><\/div>\n<form action=\"\/index.php?rest_route=%2Fwp%2Fv2%2Fpages%2F565#wpcf7-f1975-o1\" method=\"post\" class=\"wpcf7-form init\" aria-label=\"Formulario de contacto\" novalidate=\"novalidate\" data-status=\"init\">\n<div style=\"display: none;\">\n<input type=\"hidden\" name=\"_wpcf7\" value=\"1975\" \/>\n<input type=\"hidden\" name=\"_wpcf7_version\" value=\"5.9.4\" \/>\n<input type=\"hidden\" name=\"_wpcf7_locale\" value=\"es_ES\" \/>\n<input type=\"hidden\" name=\"_wpcf7_unit_tag\" value=\"wpcf7-f1975-o1\" \/>\n<input type=\"hidden\" name=\"_wpcf7_container_post\" value=\"0\" \/>\n<input type=\"hidden\" name=\"_wpcf7_posted_data_hash\" value=\"\" \/>\n<\/div>\n<p><label> Tu nombre<br \/>\n<span class=\"wpcf7-form-control-wrap\" data-name=\"your-name\"><input size=\"40\" class=\"wpcf7-form-control wpcf7-text wpcf7-validates-as-required\" autocomplete=\"name\" aria-required=\"true\" aria-invalid=\"false\" value=\"\" type=\"text\" name=\"your-name\" \/><\/span> <\/label>\n<\/p>\n<p><label> Mail<br \/>\n<span class=\"wpcf7-form-control-wrap\" data-name=\"your-email\"><input size=\"40\" class=\"wpcf7-form-control wpcf7-email wpcf7-validates-as-required wpcf7-text wpcf7-validates-as-email\" autocomplete=\"email\" aria-required=\"true\" aria-invalid=\"false\" value=\"\" type=\"email\" name=\"your-email\" \/><\/span> <\/label>\n<\/p>\n<p><label> Asunto<br \/>\n<span class=\"wpcf7-form-control-wrap\" data-name=\"your-subject\"><input size=\"40\" class=\"wpcf7-form-control wpcf7-text wpcf7-validates-as-required\" aria-required=\"true\" aria-invalid=\"false\" value=\"\" type=\"text\" name=\"your-subject\" \/><\/span> <\/label>\n<\/p>\n<p><label> Tu mensaje<br \/>\n<span class=\"wpcf7-form-control-wrap\" data-name=\"your-message\"><textarea cols=\"40\" rows=\"10\" class=\"wpcf7-form-control wpcf7-textarea\" aria-invalid=\"false\" name=\"your-message\"><\/textarea><\/span> <\/label>\n<\/p>\n<p><input class=\"wpcf7-form-control wpcf7-submit has-spinner\" type=\"submit\" value=\"Enviar\" \/>\n<\/p><p style=\"display: none !important;\" class=\"akismet-fields-container\" data-prefix=\"_wpcf7_ak_\"><label>&#916;<textarea name=\"_wpcf7_ak_hp_textarea\" cols=\"45\" rows=\"8\" maxlength=\"100\"><\/textarea><\/label><input type=\"hidden\" id=\"ak_js_1\" name=\"_wpcf7_ak_js\" value=\"153\"\/><script>document.getElementById( \"ak_js_1\" ).setAttribute( \"value\", ( new Date() ).getTime() );<\/script><\/p><div class=\"wpcf7-response-output\" aria-hidden=\"true\"><\/div>\n<\/form>\n<\/div>\n<\/strong><\/p>\n","protected":false},"excerpt":{"rendered":"<p>A lo largo de mi trayectoria he desarrollado una s\u00f3lida experiencia como presentador de eventos y de televisi\u00f3n, participando en formatos muy diversos tanto en plat\u00f3 como en directo. He conducido programas de distintos estilos y dirigido a diferentes p\u00fablicos, as\u00ed como eventos corporativos, espect\u00e1culos y animaciones, lo que me ha permitido consolidar un perfil <a class=\"read-more\" href=\"https:\/\/javiervarelactor.com\/?page_id=565\">Leer m\u00e1s<\/a><\/p>\n","protected":false},"author":1,"featured_media":2078,"parent":0,"menu_order":0,"comment_status":"closed","ping_status":"closed","template":"","meta":{"_monsterinsights_skip_tracking":false,"_monsterinsights_sitenote_active":false,"_monsterinsights_sitenote_note":"","_monsterinsights_sitenote_category":0,"footnotes":""},"yoast_head":"<!-- This site is optimized with the Yoast SEO plugin v22.7 - https:\/\/yoast.com\/wordpress\/plugins\/seo\/ -->\n<title>Presentador Eventos Valladolid y Galicia<\/title>\n<meta name=\"description\" content=\"Javier Varela es Presentador de eventos en Valladolid, Madrid o Galicia profesional para tu evento de empresa o instituci\u00f3n por menos de lo que imaginas. Servicios creativos exclusivos para eventos.\" \/>\n<meta name=\"robots\" content=\"index, follow, max-snippet:-1, max-image-preview:large, max-video-preview:-1\" \/>\n<link rel=\"canonical\" href=\"https:\/\/javiervarelactor.com\/?page_id=565\" \/>\n<meta property=\"og:locale\" content=\"es_ES\" \/>\n<meta property=\"og:type\" content=\"article\" \/>\n<meta property=\"og:title\" content=\"Presentador Eventos Valladolid y Galicia\" \/>\n<meta property=\"og:description\" content=\"Javier Varela es Presentador de eventos en Valladolid, Madrid o Galicia profesional para tu evento de empresa o instituci\u00f3n por menos de lo que imaginas. Servicios creativos exclusivos para eventos.\" \/>\n<meta property=\"og:url\" content=\"https:\/\/javiervarelactor.com\/?page_id=565\" \/>\n<meta property=\"og:site_name\" content=\"Javier Varela\" \/>\n<meta property=\"article:publisher\" content=\"https:\/\/www.facebook.com\/pages\/Javier-Varela\/145894855509796?sk=info&amp;amp%3bamp%3bamp%3bamp%3btab=page_info\" \/>\n<meta property=\"article:modified_time\" content=\"2026-03-23T22:20:34+00:00\" \/>\n<meta property=\"og:image\" content=\"http:\/\/javiervarelactor.com\/wp-content\/uploads\/2026\/02\/presentador-eventos-institucionales-valladolid-scaled.jpg\" \/>\n\t<meta property=\"og:image:width\" content=\"2560\" \/>\n\t<meta property=\"og:image:height\" content=\"1707\" \/>\n\t<meta property=\"og:image:type\" content=\"image\/jpeg\" \/>\n<meta name=\"twitter:label1\" content=\"Tiempo de lectura\" \/>\n\t<meta name=\"twitter:data1\" content=\"4 minutos\" \/>\n<script type=\"application\/ld+json\" class=\"yoast-schema-graph\">{\"@context\":\"https:\/\/schema.org\",\"@graph\":[{\"@type\":\"WebPage\",\"@id\":\"https:\/\/javiervarelactor.com\/?page_id=565\",\"url\":\"https:\/\/javiervarelactor.com\/?page_id=565\",\"name\":\"Presentador Eventos Valladolid y Galicia\",\"isPartOf\":{\"@id\":\"https:\/\/javiervarelactor.com\/#website\"},\"primaryImageOfPage\":{\"@id\":\"https:\/\/javiervarelactor.com\/?page_id=565#primaryimage\"},\"image\":{\"@id\":\"https:\/\/javiervarelactor.com\/?page_id=565#primaryimage\"},\"thumbnailUrl\":\"https:\/\/javiervarelactor.com\/wp-content\/uploads\/2026\/02\/presentador-eventos-institucionales-valladolid-scaled.jpg\",\"datePublished\":\"2015-11-18T10:22:11+00:00\",\"dateModified\":\"2026-03-23T22:20:34+00:00\",\"description\":\"Javier Varela es Presentador de eventos en Valladolid, Madrid o Galicia profesional para tu evento de empresa o instituci\u00f3n por menos de lo que imaginas. Servicios creativos exclusivos para eventos.\",\"breadcrumb\":{\"@id\":\"https:\/\/javiervarelactor.com\/?page_id=565#breadcrumb\"},\"inLanguage\":\"es\",\"potentialAction\":[{\"@type\":\"ReadAction\",\"target\":[\"https:\/\/javiervarelactor.com\/?page_id=565\"]}]},{\"@type\":\"ImageObject\",\"inLanguage\":\"es\",\"@id\":\"https:\/\/javiervarelactor.com\/?page_id=565#primaryimage\",\"url\":\"https:\/\/javiervarelactor.com\/wp-content\/uploads\/2026\/02\/presentador-eventos-institucionales-valladolid-scaled.jpg\",\"contentUrl\":\"https:\/\/javiervarelactor.com\/wp-content\/uploads\/2026\/02\/presentador-eventos-institucionales-valladolid-scaled.jpg\",\"width\":2560,\"height\":1707,\"caption\":\"presentador eventos institucionales valladolid\"},{\"@type\":\"BreadcrumbList\",\"@id\":\"https:\/\/javiervarelactor.com\/?page_id=565#breadcrumb\",\"itemListElement\":[{\"@type\":\"ListItem\",\"position\":1,\"name\":\"Inicio\",\"item\":\"https:\/\/javiervarelactor.com\/\"},{\"@type\":\"ListItem\",\"position\":2,\"name\":\"Presentador\"}]},{\"@type\":\"WebSite\",\"@id\":\"https:\/\/javiervarelactor.com\/#website\",\"url\":\"https:\/\/javiervarelactor.com\/\",\"name\":\"Javier Varela\",\"description\":\"Actor y Presentador\",\"potentialAction\":[{\"@type\":\"SearchAction\",\"target\":{\"@type\":\"EntryPoint\",\"urlTemplate\":\"https:\/\/javiervarelactor.com\/?s={search_term_string}\"},\"query-input\":\"required name=search_term_string\"}],\"inLanguage\":\"es\"}]}<\/script>\n<!-- \/ Yoast SEO plugin. -->","yoast_head_json":{"title":"Presentador Eventos Valladolid y Galicia","description":"Javier Varela es Presentador de eventos en Valladolid, Madrid o Galicia profesional para tu evento de empresa o instituci\u00f3n por menos de lo que imaginas. Servicios creativos exclusivos para eventos.","robots":{"index":"index","follow":"follow","max-snippet":"max-snippet:-1","max-image-preview":"max-image-preview:large","max-video-preview":"max-video-preview:-1"},"canonical":"https:\/\/javiervarelactor.com\/?page_id=565","og_locale":"es_ES","og_type":"article","og_title":"Presentador Eventos Valladolid y Galicia","og_description":"Javier Varela es Presentador de eventos en Valladolid, Madrid o Galicia profesional para tu evento de empresa o instituci\u00f3n por menos de lo que imaginas. Servicios creativos exclusivos para eventos.","og_url":"https:\/\/javiervarelactor.com\/?page_id=565","og_site_name":"Javier Varela","article_publisher":"https:\/\/www.facebook.com\/pages\/Javier-Varela\/145894855509796?sk=info&amp%3bamp%3bamp%3bamp%3btab=page_info","article_modified_time":"2026-03-23T22:20:34+00:00","og_image":[{"width":2560,"height":1707,"url":"http:\/\/javiervarelactor.com\/wp-content\/uploads\/2026\/02\/presentador-eventos-institucionales-valladolid-scaled.jpg","type":"image\/jpeg"}],"twitter_misc":{"Tiempo de lectura":"4 minutos"},"schema":{"@context":"https:\/\/schema.org","@graph":[{"@type":"WebPage","@id":"https:\/\/javiervarelactor.com\/?page_id=565","url":"https:\/\/javiervarelactor.com\/?page_id=565","name":"Presentador Eventos Valladolid y Galicia","isPartOf":{"@id":"https:\/\/javiervarelactor.com\/#website"},"primaryImageOfPage":{"@id":"https:\/\/javiervarelactor.com\/?page_id=565#primaryimage"},"image":{"@id":"https:\/\/javiervarelactor.com\/?page_id=565#primaryimage"},"thumbnailUrl":"https:\/\/javiervarelactor.com\/wp-content\/uploads\/2026\/02\/presentador-eventos-institucionales-valladolid-scaled.jpg","datePublished":"2015-11-18T10:22:11+00:00","dateModified":"2026-03-23T22:20:34+00:00","description":"Javier Varela es Presentador de eventos en Valladolid, Madrid o Galicia profesional para tu evento de empresa o instituci\u00f3n por menos de lo que imaginas. Servicios creativos exclusivos para eventos.","breadcrumb":{"@id":"https:\/\/javiervarelactor.com\/?page_id=565#breadcrumb"},"inLanguage":"es","potentialAction":[{"@type":"ReadAction","target":["https:\/\/javiervarelactor.com\/?page_id=565"]}]},{"@type":"ImageObject","inLanguage":"es","@id":"https:\/\/javiervarelactor.com\/?page_id=565#primaryimage","url":"https:\/\/javiervarelactor.com\/wp-content\/uploads\/2026\/02\/presentador-eventos-institucionales-valladolid-scaled.jpg","contentUrl":"https:\/\/javiervarelactor.com\/wp-content\/uploads\/2026\/02\/presentador-eventos-institucionales-valladolid-scaled.jpg","width":2560,"height":1707,"caption":"presentador eventos institucionales valladolid"},{"@type":"BreadcrumbList","@id":"https:\/\/javiervarelactor.com\/?page_id=565#breadcrumb","itemListElement":[{"@type":"ListItem","position":1,"name":"Inicio","item":"https:\/\/javiervarelactor.com\/"},{"@type":"ListItem","position":2,"name":"Presentador"}]},{"@type":"WebSite","@id":"https:\/\/javiervarelactor.com\/#website","url":"https:\/\/javiervarelactor.com\/","name":"Javier Varela","description":"Actor y Presentador","potentialAction":[{"@type":"SearchAction","target":{"@type":"EntryPoint","urlTemplate":"https:\/\/javiervarelactor.com\/?s={search_term_string}"},"query-input":"required name=search_term_string"}],"inLanguage":"es"}]}},"_links":{"self":[{"href":"https:\/\/javiervarelactor.com\/index.php?rest_route=\/wp\/v2\/pages\/565"}],"collection":[{"href":"https:\/\/javiervarelactor.com\/index.php?rest_route=\/wp\/v2\/pages"}],"about":[{"href":"https:\/\/javiervarelactor.com\/index.php?rest_route=\/wp\/v2\/types\/page"}],"author":[{"embeddable":true,"href":"https:\/\/javiervarelactor.com\/index.php?rest_route=\/wp\/v2\/users\/1"}],"replies":[{"embeddable":true,"href":"https:\/\/javiervarelactor.com\/index.php?rest_route=%2Fwp%2Fv2%2Fcomments&post=565"}],"version-history":[{"count":112,"href":"https:\/\/javiervarelactor.com\/index.php?rest_route=\/wp\/v2\/pages\/565\/revisions"}],"predecessor-version":[{"id":2101,"href":"https:\/\/javiervarelactor.com\/index.php?rest_route=\/wp\/v2\/pages\/565\/revisions\/2101"}],"wp:featuredmedia":[{"embeddable":true,"href":"https:\/\/javiervarelactor.com\/index.php?rest_route=\/wp\/v2\/media\/2078"}],"wp:attachment":[{"href":"https:\/\/javiervarelactor.com\/index.php?rest_route=%2Fwp%2Fv2%2Fmedia&parent=565"}],"curies":[{"name":"wp","href":"https:\/\/api.w.org\/{rel}","templated":true}]}}