{"id":336,"date":"2015-05-21T12:23:26","date_gmt":"2015-05-21T12:23:26","guid":{"rendered":"http:\/\/javiervarelactor.com\/?page_id=336"},"modified":"2026-02-13T17:16:42","modified_gmt":"2026-02-13T17:16:42","slug":"javier-varela","status":"publish","type":"page","link":"https:\/\/javiervarelactor.com\/","title":{"rendered":"\u00bfQui\u00e9n soy?"},"content":{"rendered":"<p><img loading=\"lazy\" decoding=\"async\" class=\"alignleft wp-image-2018 size-medium\" title=\"presentador eventos valladolid javier varela\" src=\"http:\/\/javiervarelactor.com\/wp-content\/uploads\/2025\/09\/2Q7A8134-200x300.jpg\" alt=\"presentador eventos en valladolid\" width=\"200\" height=\"300\" srcset=\"https:\/\/javiervarelactor.com\/wp-content\/uploads\/2025\/09\/2Q7A8134-200x300.jpg 200w, https:\/\/javiervarelactor.com\/wp-content\/uploads\/2025\/09\/2Q7A8134-683x1024.jpg 683w, https:\/\/javiervarelactor.com\/wp-content\/uploads\/2025\/09\/2Q7A8134-768x1152.jpg 768w, https:\/\/javiervarelactor.com\/wp-content\/uploads\/2025\/09\/2Q7A8134-1024x1536.jpg 1024w, https:\/\/javiervarelactor.com\/wp-content\/uploads\/2025\/09\/2Q7A8134-1365x2048.jpg 1365w, https:\/\/javiervarelactor.com\/wp-content\/uploads\/2025\/09\/2Q7A8134.jpg 1493w\" sizes=\"(max-width: 200px) 100vw, 200px\" \/><\/p>\n<p data-start=\"0\" data-end=\"121\">\n<p data-start=\"0\" data-end=\"121\"><span style=\"color: #000000;\">Soy <strong data-start=\"4\" data-end=\"21\">Javier Varela<\/strong>, actor y presentador con formaci\u00f3n en Arte Dram\u00e1tico y experiencia en <strong>cine<\/strong>, <strong>televisi\u00f3n <\/strong>y<strong> eventos<\/strong>.<\/span><\/p>\n<p data-start=\"123\" data-end=\"253\" data-is-last-node=\"\" data-is-only-node=\"\"><span style=\"color: #000000;\">Trabajo con profesionalidad, cercan\u00eda y compromiso, implic\u00e1ndome al m\u00e1ximo en cada proyecto para ofrecer siempre la mejor versi\u00f3n.<\/span><\/p>\n<p data-start=\"123\" data-end=\"253\" data-is-last-node=\"\" data-is-only-node=\"\"><span style=\"color: #000000;\">Mi trabajo va m\u00e1s all\u00e1 de la interpretaci\u00f3n y la conducci\u00f3n: comunico, conecto y doy vida a cada proyecto desde la experiencia, la preparaci\u00f3n y la ilusi\u00f3n constante por seguir aprendiendo. Disfruto de lo que hago y afronto cada reto con tenacidad, compromiso y una actitud optimista.<\/span><\/p>\n<p><span style=\"color: #000000;\">Algunos de mis trabajos m\u00e1s recientes como actor:<\/span><\/p>\n<ul>\n<li><span style=\"color: #000000;\">\u00ab<em>San Sim\u00f3n<\/em>\u00bb pel\u00edcula pendiente de estreno oto\u00f1o 2025.<\/span><\/li>\n<li><span style=\"color: #000000;\">\u00ab<em>MEMENTO MORI<\/em>\u00bb el personaje de <em>\u00c1lvaro Peteira.<\/em>\u00a0<a style=\"color: #000000;\" href=\"https:\/\/zebraproducciones.com\/\">Zebra producciones<\/a> para AmazonPrime.<\/span><\/li>\n<li><span style=\"color: #000000;\">\u00ab<em>AS BESTAS<\/em>\u00bb pel\u00edcula dirigida por Rodrigo Sorogoyen.<\/span><\/li>\n<li><span style=\"color: #000000;\">\u00ab<em>Amar es para Siempre<\/em>\u00ab, \u00ab<a style=\"color: #000000;\" href=\"http:\/\/javiervarelactor.com\/?p=1319\"><em>Fari\u00f1a<\/em><\/a>\u00ab, \u00ab<em>El Sabor de las Margaritas<\/em>\u00ab, \u00ab<em>El hombre de las mil caras<\/em>\u00ab, pel\u00edcula internacional \u00ab<em>1618<\/em>\u00ab. <\/span><\/li>\n<li><span style=\"color: #000000;\">Programas de TV : \u00abImos de Feira\u00bb, \u00abSem Fronteiras\u00bb, \u00abDelincuentes Torpes\u00bb para RTP1 y TVG.<br \/>\n<\/span><\/li>\n<\/ul>\n<p data-start=\"379\" data-end=\"506\"><span style=\"color: #000000;\">Creo en el trabajo en equipo, en el aprovechamiento del tiempo y en el cumplimiento de objetivos con profesionalidad y energ\u00eda.<\/span><\/p>\n<p data-start=\"508\" data-end=\"670\"><span style=\"color: #000000;\">En esta web, Javier Varela Actor, comparto una parte de mi trayectoria y mis proyectos actuales.<\/span><\/p>\n<p data-start=\"672\" data-end=\"857\"><span style=\"color: #000000;\">\u00bfTe gustar\u00eda saber m\u00e1s sobre mi perfil profesional como actor y presentador?<\/span><br data-start=\"723\" data-end=\"726\" \/><span style=\"color: #000000;\">Si necesitas informaci\u00f3n detallada o quieres contar conmigo para tu pr\u00f3ximo proyecto, estar\u00e9 encantado de escucharte.<\/span><\/p>\n<p data-start=\"859\" data-end=\"922\" data-is-last-node=\"\" data-is-only-node=\"\"><span style=\"color: #000000;\">Gracias por tu visita y bienvenido\/a a la web de Javier Varela.<\/span><\/p>\n<div style=\"text-align: center;\">\n<div style=\"text-align: center;\">\n<p><iframe loading=\"lazy\" src=\"https:\/\/player.vimeo.com\/video\/266736022\" width=\"640\" height=\"360\" frameborder=\"0\" allowfullscreen=\"allowfullscreen\"><\/iframe><\/p>\n<h5><span style=\"color: #000000;\">CURRICULUM JAVIER VARELA<\/span><\/h5>\n<\/div>\n<pre><span style=\"color: #000000;\"><strong><u>CINE\n<\/u><\/strong><u>\n\"<strong>As Bestas<\/strong>\" Rodrigo Sorogoyen 2022 <em>Goya Mejor Pel\u00edcula 2023<\/em>\n\"1618\" Luis Ismael 2022 \n\"El Hombre de las mil caras\" Alberto Rodr\u00edguez, 2015.\n\n<strong>TV\/AUDIOVISUAL<\/strong>\n<\/u>\n\"<strong>Memento Mori<\/strong>\" AmazonPrime pendiente E<strong>STRENO 2023<\/strong>\n\"El Sabor de las Margaritas\" Netflix 2021\n\"Fari\u00f1a\"\u00a0 Antena 3. Ald\u00e1n. Enero-Mayo 2018.\n\"El secreto de Puente Viejo\"\u00a0 Antena 3. Sen\u00e9n. Mayo 2017.\n\"Amar es Para siempre\" Antena 3 . Ricardo. Febrero y marzo 2017\n \"Serramoura\" TVG 2016. El\u00edas. Emitido febrero y marzo 2017.\n \u201cUrxencia Cero\u201d TVG 2015. Personaje, Moncho.\n\u00a0\u201cPazo de Familia\u201d TVG 2015. Personaje, Fidel Barbeito.\n \u201cUn momento duro de ahora\u2026 5 pesetas de las de antes\u201d . 2012 Teatro.\n\u00a0\u201cCu\u00e9ntame\u201d TVE 2013-2011. Personaje, Sigfrido.\n \u201c Diario de un Emprendedor\u201d. Web-serie. 2013. Personaje , Manuel.<\/span><\/pre>\n<pre><span style=\"color: #000000;\">\u201cPerro Muerto\u201d cortometraje. 2008. Protagonista.\n \u201cBichos raros\u201d cortometraje. 2007. Protagonista.\n \u201cEnsalada de mosquito\u201d teatro musical. 2003. Protagonista.\n \u201cOs tres da comedia\u201d Mon\u00f3logo\/teatro 2003. Protagonista.\n<u><\/u><\/span><\/pre>\n<pre><span style=\"color: #000000;\"><u><strong>PRESENTADOR\n<\/strong>\"<strong>Imos de Feira<\/strong>\" TVG 2019-2021-3\u00aa temporada <strong>2023\n<\/strong><\/u>\"Sem Fronteiras\" TVG.RTP 2021\n\"Ga\u00f1a a tua sorte\"\u00a0 TVG 2017-2018-2019\n \"M\u00e1is Galego\" Tvg 2013 (65 programas)\n \"Delincuentes Torpes\" Tvg 2012 (13 programas)\n \"Polo Chan\" Tvg 2011 (26 programas)\n\u00a0 Presentador de Eventos ( galas de deportes, m\u00fasica, empresas\u2026)<\/span><\/pre>\n<pre><span style=\"color: #000000;\"><u><strong>FORMACI\u00d3N ACAD\u00c9MICA<\/strong><\/u>\n\u00a0 \u201cInterpretaci\u00f3n\u201d. Espazo Aberto 2003-2007. Santiago de Compostela.\n \u201cLocuci\u00f3n y Doblaje\u201d con \u00c1nxos Ferrad\u00e1ns 2005-2006. Santiago de Compostela.\n \u201cT\u00e9cnicas de voz\u201d con Gianneto Di Como 2003. A Estrada.\n Otros: Cabaret, claquet, body percusi\u00f3n, interpretaci\u00f3n a c\u00e1mara\u2026\n Licenciatura en Ciencias Pol\u00edticas. 2001-2003. Univ. Santiago de Compostela.<\/span><\/pre>\n<div style=\"text-align: center;\"><\/div>\n<\/div>\n\n\n<p>Actor gallego de cine y televisi\u00f3n. Experiencia en series nacionales, pel\u00edculas premiadas y presentaciones en eventos. Contacta para casting, proyectos de ficci\u00f3n o colaboraciones profesionales en cine y televisi\u00f3n en Galicia.<\/p>\n","protected":false},"excerpt":{"rendered":"<p>Soy Javier Varela, actor y presentador con formaci\u00f3n en Arte Dram\u00e1tico y experiencia en cine, televisi\u00f3n y eventos. Trabajo con profesionalidad, cercan\u00eda y compromiso, implic\u00e1ndome al m\u00e1ximo en cada proyecto para ofrecer siempre la mejor versi\u00f3n. Mi trabajo va m\u00e1s all\u00e1 de la interpretaci\u00f3n y la conducci\u00f3n: comunico, conecto y doy vida a cada proyecto <a class=\"read-more\" href=\"https:\/\/javiervarelactor.com\/\">Leer m\u00e1s<\/a><\/p>\n","protected":false},"author":1,"featured_media":0,"parent":0,"menu_order":1,"comment_status":"closed","ping_status":"open","template":"","meta":{"_monsterinsights_skip_tracking":false,"_monsterinsights_sitenote_active":false,"_monsterinsights_sitenote_note":"","_monsterinsights_sitenote_category":0,"footnotes":""},"yoast_head":"<!-- This site is optimized with the Yoast SEO plugin v22.7 - https:\/\/yoast.com\/wordpress\/plugins\/seo\/ -->\n<title>Javier Varela Actor \u00bfqui\u00e9n soy?<\/title>\n<meta name=\"description\" content=\"Javier Varela es actor, presentador de programas de televisi\u00f3n y eventos y locutor. Conoce su trabajo y trayectoria en esta web. Descubre su labor con SERVICIOS CREATIVOS PARA EVENTOS\" \/>\n<meta name=\"robots\" content=\"index, follow, max-snippet:-1, max-image-preview:large, max-video-preview:-1\" \/>\n<link rel=\"canonical\" href=\"https:\/\/javiervarelactor.com\/\" \/>\n<meta property=\"og:locale\" content=\"es_ES\" \/>\n<meta property=\"og:type\" content=\"article\" \/>\n<meta property=\"og:title\" content=\"Javier Varela Actor \u00bfqui\u00e9n soy?\" \/>\n<meta property=\"og:description\" content=\"Javier Varela es actor, presentador de programas de televisi\u00f3n y eventos y locutor. Conoce su trabajo y trayectoria en esta web. Descubre su labor con SERVICIOS CREATIVOS PARA EVENTOS\" \/>\n<meta property=\"og:url\" content=\"https:\/\/javiervarelactor.com\/\" \/>\n<meta property=\"og:site_name\" content=\"Javier Varela\" \/>\n<meta property=\"article:publisher\" content=\"https:\/\/www.facebook.com\/pages\/Javier-Varela\/145894855509796?sk=info&amp;amp%3bamp%3bamp%3bamp%3btab=page_info\" \/>\n<meta property=\"article:modified_time\" content=\"2026-02-13T17:16:42+00:00\" \/>\n<meta property=\"og:image\" content=\"http:\/\/javiervarelactor.com\/wp-content\/uploads\/2025\/09\/2Q7A8134-200x300.jpg\" \/>\n<meta name=\"twitter:label1\" content=\"Tiempo de lectura\" \/>\n\t<meta name=\"twitter:data1\" content=\"2 minutos\" \/>\n<script type=\"application\/ld+json\" class=\"yoast-schema-graph\">{\"@context\":\"https:\/\/schema.org\",\"@graph\":[{\"@type\":\"WebPage\",\"@id\":\"https:\/\/javiervarelactor.com\/\",\"url\":\"https:\/\/javiervarelactor.com\/\",\"name\":\"Javier Varela Actor \u00bfqui\u00e9n soy?\",\"isPartOf\":{\"@id\":\"https:\/\/javiervarelactor.com\/#website\"},\"primaryImageOfPage\":{\"@id\":\"https:\/\/javiervarelactor.com\/#primaryimage\"},\"image\":{\"@id\":\"https:\/\/javiervarelactor.com\/#primaryimage\"},\"thumbnailUrl\":\"http:\/\/javiervarelactor.com\/wp-content\/uploads\/2025\/09\/2Q7A8134-200x300.jpg\",\"datePublished\":\"2015-05-21T12:23:26+00:00\",\"dateModified\":\"2026-02-13T17:16:42+00:00\",\"description\":\"Javier Varela es actor, presentador de programas de televisi\u00f3n y eventos y locutor. Conoce su trabajo y trayectoria en esta web. Descubre su labor con SERVICIOS CREATIVOS PARA EVENTOS\",\"breadcrumb\":{\"@id\":\"https:\/\/javiervarelactor.com\/#breadcrumb\"},\"inLanguage\":\"es\",\"potentialAction\":[{\"@type\":\"ReadAction\",\"target\":[\"https:\/\/javiervarelactor.com\/\"]}]},{\"@type\":\"ImageObject\",\"inLanguage\":\"es\",\"@id\":\"https:\/\/javiervarelactor.com\/#primaryimage\",\"url\":\"https:\/\/javiervarelactor.com\/wp-content\/uploads\/2025\/09\/2Q7A8134.jpg\",\"contentUrl\":\"https:\/\/javiervarelactor.com\/wp-content\/uploads\/2025\/09\/2Q7A8134.jpg\",\"width\":1493,\"height\":2240},{\"@type\":\"BreadcrumbList\",\"@id\":\"https:\/\/javiervarelactor.com\/#breadcrumb\",\"itemListElement\":[{\"@type\":\"ListItem\",\"position\":1,\"name\":\"Inicio\",\"item\":\"https:\/\/javiervarelactor.com\/\"},{\"@type\":\"ListItem\",\"position\":2,\"name\":\"\u00bfQui\u00e9n soy?\"}]},{\"@type\":\"WebSite\",\"@id\":\"https:\/\/javiervarelactor.com\/#website\",\"url\":\"https:\/\/javiervarelactor.com\/\",\"name\":\"Javier Varela\",\"description\":\"Actor y Presentador\",\"potentialAction\":[{\"@type\":\"SearchAction\",\"target\":{\"@type\":\"EntryPoint\",\"urlTemplate\":\"https:\/\/javiervarelactor.com\/?s={search_term_string}\"},\"query-input\":\"required name=search_term_string\"}],\"inLanguage\":\"es\"}]}<\/script>\n<!-- \/ Yoast SEO plugin. -->","yoast_head_json":{"title":"Javier Varela Actor \u00bfqui\u00e9n soy?","description":"Javier Varela es actor, presentador de programas de televisi\u00f3n y eventos y locutor. Conoce su trabajo y trayectoria en esta web. Descubre su labor con SERVICIOS CREATIVOS PARA EVENTOS","robots":{"index":"index","follow":"follow","max-snippet":"max-snippet:-1","max-image-preview":"max-image-preview:large","max-video-preview":"max-video-preview:-1"},"canonical":"https:\/\/javiervarelactor.com\/","og_locale":"es_ES","og_type":"article","og_title":"Javier Varela Actor \u00bfqui\u00e9n soy?","og_description":"Javier Varela es actor, presentador de programas de televisi\u00f3n y eventos y locutor. Conoce su trabajo y trayectoria en esta web. Descubre su labor con SERVICIOS CREATIVOS PARA EVENTOS","og_url":"https:\/\/javiervarelactor.com\/","og_site_name":"Javier Varela","article_publisher":"https:\/\/www.facebook.com\/pages\/Javier-Varela\/145894855509796?sk=info&amp%3bamp%3bamp%3bamp%3btab=page_info","article_modified_time":"2026-02-13T17:16:42+00:00","og_image":[{"url":"http:\/\/javiervarelactor.com\/wp-content\/uploads\/2025\/09\/2Q7A8134-200x300.jpg"}],"twitter_misc":{"Tiempo de lectura":"2 minutos"},"schema":{"@context":"https:\/\/schema.org","@graph":[{"@type":"WebPage","@id":"https:\/\/javiervarelactor.com\/","url":"https:\/\/javiervarelactor.com\/","name":"Javier Varela Actor \u00bfqui\u00e9n soy?","isPartOf":{"@id":"https:\/\/javiervarelactor.com\/#website"},"primaryImageOfPage":{"@id":"https:\/\/javiervarelactor.com\/#primaryimage"},"image":{"@id":"https:\/\/javiervarelactor.com\/#primaryimage"},"thumbnailUrl":"http:\/\/javiervarelactor.com\/wp-content\/uploads\/2025\/09\/2Q7A8134-200x300.jpg","datePublished":"2015-05-21T12:23:26+00:00","dateModified":"2026-02-13T17:16:42+00:00","description":"Javier Varela es actor, presentador de programas de televisi\u00f3n y eventos y locutor. Conoce su trabajo y trayectoria en esta web. Descubre su labor con SERVICIOS CREATIVOS PARA EVENTOS","breadcrumb":{"@id":"https:\/\/javiervarelactor.com\/#breadcrumb"},"inLanguage":"es","potentialAction":[{"@type":"ReadAction","target":["https:\/\/javiervarelactor.com\/"]}]},{"@type":"ImageObject","inLanguage":"es","@id":"https:\/\/javiervarelactor.com\/#primaryimage","url":"https:\/\/javiervarelactor.com\/wp-content\/uploads\/2025\/09\/2Q7A8134.jpg","contentUrl":"https:\/\/javiervarelactor.com\/wp-content\/uploads\/2025\/09\/2Q7A8134.jpg","width":1493,"height":2240},{"@type":"BreadcrumbList","@id":"https:\/\/javiervarelactor.com\/#breadcrumb","itemListElement":[{"@type":"ListItem","position":1,"name":"Inicio","item":"https:\/\/javiervarelactor.com\/"},{"@type":"ListItem","position":2,"name":"\u00bfQui\u00e9n soy?"}]},{"@type":"WebSite","@id":"https:\/\/javiervarelactor.com\/#website","url":"https:\/\/javiervarelactor.com\/","name":"Javier Varela","description":"Actor y Presentador","potentialAction":[{"@type":"SearchAction","target":{"@type":"EntryPoint","urlTemplate":"https:\/\/javiervarelactor.com\/?s={search_term_string}"},"query-input":"required name=search_term_string"}],"inLanguage":"es"}]}},"_links":{"self":[{"href":"https:\/\/javiervarelactor.com\/index.php?rest_route=\/wp\/v2\/pages\/336"}],"collection":[{"href":"https:\/\/javiervarelactor.com\/index.php?rest_route=\/wp\/v2\/pages"}],"about":[{"href":"https:\/\/javiervarelactor.com\/index.php?rest_route=\/wp\/v2\/types\/page"}],"author":[{"embeddable":true,"href":"https:\/\/javiervarelactor.com\/index.php?rest_route=\/wp\/v2\/users\/1"}],"replies":[{"embeddable":true,"href":"https:\/\/javiervarelactor.com\/index.php?rest_route=%2Fwp%2Fv2%2Fcomments&post=336"}],"version-history":[{"count":79,"href":"https:\/\/javiervarelactor.com\/index.php?rest_route=\/wp\/v2\/pages\/336\/revisions"}],"predecessor-version":[{"id":2098,"href":"https:\/\/javiervarelactor.com\/index.php?rest_route=\/wp\/v2\/pages\/336\/revisions\/2098"}],"wp:attachment":[{"href":"https:\/\/javiervarelactor.com\/index.php?rest_route=%2Fwp%2Fv2%2Fmedia&parent=336"}],"curies":[{"name":"wp","href":"https:\/\/api.w.org\/{rel}","templated":true}]}}