{"id":143,"date":"2015-04-08T15:22:34","date_gmt":"2015-04-08T15:22:34","guid":{"rendered":"http:\/\/cetras.org\/javiervarela\/?page_id=143"},"modified":"2026-02-13T16:56:09","modified_gmt":"2026-02-13T16:56:09","slug":"ceremonias-civiles","status":"publish","type":"page","link":"https:\/\/javiervarelactor.com\/?page_id=143","title":{"rendered":"Presentador de Ceremonias civiles"},"content":{"rendered":"<div style=\"text-align: center;\">\n<p><a href=\"http:\/\/javiervarelactor.com\/wp-content\/uploads\/2015\/04\/MG_1335_RET_BASIC.jpg\"><img loading=\"lazy\" decoding=\"async\" class=\"aligncenter wp-image-1445 \" src=\"http:\/\/javiervarelactor.com\/wp-content\/uploads\/2015\/04\/MG_1335_RET_BASIC-1024x683.jpg\" alt=\"presentador ceremonias\" width=\"465\" height=\"310\" srcset=\"https:\/\/javiervarelactor.com\/wp-content\/uploads\/2015\/04\/MG_1335_RET_BASIC-1024x683.jpg 1024w, https:\/\/javiervarelactor.com\/wp-content\/uploads\/2015\/04\/MG_1335_RET_BASIC-300x200.jpg 300w\" sizes=\"(max-width: 465px) 100vw, 465px\" \/><\/a><span style=\"color: #000000;\"> ceremonias civiles &#8211; presentador de bodas<br \/>\n<\/span><\/p>\n<\/div>\n<p data-start=\"187\" data-end=\"518\"><span style=\"color: #000000;\">Como presentador y maestro de ceremonias, acompa\u00f1o momentos \u00fanicos que merecen ser vividos con respeto, sensibilidad y autenticidad. Especializado en <strong data-start=\"337\" data-end=\"403\">bodas civiles y ceremonias de despedida o bienvenida a la vida<\/strong>, entiendo cada celebraci\u00f3n como un acto personal donde las palabras y <strong>el tono<\/strong> marcan la diferencia.<\/span><\/p>\n<p data-start=\"520\" data-end=\"845\"><span style=\"color: #000000;\">Mi labor consiste en dar <em>estructura, coherencia y emoci\u00f3n<\/em> a cada ceremonia, adapt\u00e1ndome a la historia, los valores y el estilo de cada familia o pareja. Desde ceremonias \u00edntimas hasta celebraciones m\u00e1s amplias, con mucho humor o cargadas de emoci\u00f3n, o todo a la vez, tu eliges. <\/span><span style=\"color: #000000;\">Cuido cada detalle del guion, el ritmo y la puesta en escena para que el acto fluya con naturalidad y significado.<\/span><\/p>\n<p data-start=\"847\" data-end=\"1161\"><span style=\"color: #000000;\">Aporto experiencia comunicativa, capacidad de escucha y una presencia serena que genera <strong>confianza<\/strong>. Ya sea en una boda civil, en una ceremonia de despedida que honre una vida compartida o en un acto de bienvenida que celebre un nuevo comienzo, mi compromiso es acompa\u00f1ar con profesionalidad, sensibilidad y respeto.<\/span><\/p>\n<p data-start=\"1163\" data-end=\"1249\" data-is-last-node=\"\" data-is-only-node=\"\"><span style=\"color: #000000;\">Cada ceremonia es \u00fanica. Mi objetivo es que cada palabra est\u00e9 a la altura del momento.<\/span><\/p>\n<h6 style=\"text-align: center;\"><a href=\"http:\/\/javiervarelactor.com\/wp-content\/uploads\/2015\/04\/MG_1354_RET_BASIC.jpg\"><img loading=\"lazy\" decoding=\"async\" class=\"alignnone size-medium wp-image-1446 aligncenter\" src=\"http:\/\/javiervarelactor.com\/wp-content\/uploads\/2015\/04\/MG_1354_RET_BASIC-300x200.jpg\" alt=\"maestro ceremonias civiles\" width=\"300\" height=\"200\" srcset=\"https:\/\/javiervarelactor.com\/wp-content\/uploads\/2015\/04\/MG_1354_RET_BASIC-300x200.jpg 300w, https:\/\/javiervarelactor.com\/wp-content\/uploads\/2015\/04\/MG_1354_RET_BASIC-1024x683.jpg 1024w\" sizes=\"(max-width: 300px) 100vw, 300px\" \/><\/a> Por razones de confidencialidad no aparecen en la web im\u00e1genes de trabajos, consulta en el mail para m\u00e1s informaci\u00f3n)<\/h6>\n<h2 style=\"text-align: center;\"><strong><span style=\"color: #000000;\">Contacta conmigo, elaboramos el guion, a vuestro gusto, sencillo, personal.<\/span><\/strong><\/h2>\n<div style=\"text-align: center;\"><strong><span style=\"color: #000000;\">\u00a0Resultar\u00e1 una ceremonia civil amable que nunca olvidar\u00e9is.<\/span><\/strong><\/div>\n<div><\/div>\n<div><\/div>\n<div style=\"text-align: center;\"><strong><span style=\"color: #000000;\"> \n<div class=\"wpcf7 no-js\" id=\"wpcf7-f1975-o1\" lang=\"es-ES\" dir=\"ltr\">\n<div class=\"screen-reader-response\"><p role=\"status\" aria-live=\"polite\" aria-atomic=\"true\"><\/p> <ul><\/ul><\/div>\n<form action=\"\/index.php?rest_route=%2Fwp%2Fv2%2Fpages%2F143#wpcf7-f1975-o1\" method=\"post\" class=\"wpcf7-form init\" aria-label=\"Formulario de contacto\" novalidate=\"novalidate\" data-status=\"init\">\n<div style=\"display: none;\">\n<input type=\"hidden\" name=\"_wpcf7\" value=\"1975\" \/>\n<input type=\"hidden\" name=\"_wpcf7_version\" value=\"5.9.4\" \/>\n<input type=\"hidden\" name=\"_wpcf7_locale\" value=\"es_ES\" \/>\n<input type=\"hidden\" name=\"_wpcf7_unit_tag\" value=\"wpcf7-f1975-o1\" \/>\n<input type=\"hidden\" name=\"_wpcf7_container_post\" value=\"0\" \/>\n<input type=\"hidden\" name=\"_wpcf7_posted_data_hash\" value=\"\" \/>\n<\/div>\n<p><label> Tu nombre<br \/>\n<span class=\"wpcf7-form-control-wrap\" data-name=\"your-name\"><input size=\"40\" class=\"wpcf7-form-control wpcf7-text wpcf7-validates-as-required\" autocomplete=\"name\" aria-required=\"true\" aria-invalid=\"false\" value=\"\" type=\"text\" name=\"your-name\" \/><\/span> <\/label>\n<\/p>\n<p><label> Mail<br \/>\n<span class=\"wpcf7-form-control-wrap\" data-name=\"your-email\"><input size=\"40\" class=\"wpcf7-form-control wpcf7-email wpcf7-validates-as-required wpcf7-text wpcf7-validates-as-email\" autocomplete=\"email\" aria-required=\"true\" aria-invalid=\"false\" value=\"\" type=\"email\" name=\"your-email\" \/><\/span> <\/label>\n<\/p>\n<p><label> Asunto<br \/>\n<span class=\"wpcf7-form-control-wrap\" data-name=\"your-subject\"><input size=\"40\" class=\"wpcf7-form-control wpcf7-text wpcf7-validates-as-required\" aria-required=\"true\" aria-invalid=\"false\" value=\"\" type=\"text\" name=\"your-subject\" \/><\/span> <\/label>\n<\/p>\n<p><label> Tu mensaje<br \/>\n<span class=\"wpcf7-form-control-wrap\" data-name=\"your-message\"><textarea cols=\"40\" rows=\"10\" class=\"wpcf7-form-control wpcf7-textarea\" aria-invalid=\"false\" name=\"your-message\"><\/textarea><\/span> <\/label>\n<\/p>\n<p><input class=\"wpcf7-form-control wpcf7-submit has-spinner\" type=\"submit\" value=\"Enviar\" \/>\n<\/p><p style=\"display: none !important;\" class=\"akismet-fields-container\" data-prefix=\"_wpcf7_ak_\"><label>&#916;<textarea name=\"_wpcf7_ak_hp_textarea\" cols=\"45\" rows=\"8\" maxlength=\"100\"><\/textarea><\/label><input type=\"hidden\" id=\"ak_js_1\" name=\"_wpcf7_ak_js\" value=\"93\"\/><script>document.getElementById( \"ak_js_1\" ).setAttribute( \"value\", ( new Date() ).getTime() );<\/script><\/p><div class=\"wpcf7-response-output\" aria-hidden=\"true\"><\/div>\n<\/form>\n<\/div>\n<\/span><\/strong><\/div>\n<h5><strong><span style=\"color: #000000;\">Maestro de ceremonias para bodas civiles, bienvenidas a la vida y todo tipo de ceremonia civil personalizada.<\/span><\/strong><\/h5>\n<h5><a href=\"http:\/\/3.bp.blogspot.com\/-tpbzurSTpYw\/UvImt1fzOqI\/AAAAAAAACas\/XXHbMo0_IKw\/s1600\/boda+civil2.jpg\"><img loading=\"lazy\" decoding=\"async\" class=\"alignleft\" src=\"http:\/\/3.bp.blogspot.com\/-tpbzurSTpYw\/UvImt1fzOqI\/AAAAAAAACas\/XXHbMo0_IKw\/s1600\/boda+civil2.jpg\" alt=\"\" width=\"120\" height=\"120\" border=\"0\" \/><\/a> <strong><span style=\"color: #000000;\">Lo vamos a pasar bien. Si buscas un equipo profesional para hacer de tu boda un recuerdo \u00fanico, te recomiendo que consultes a <a style=\"color: #000000;\" href=\"http:\/\/documentaldeboda.com\/\" target=\"_blank\" rel=\"noopener noreferrer\">DocumentaldeBoda<\/a>\u00a0para hacer un v\u00eddeo muy especial.<\/span><\/strong><\/h5>\n<h5><strong><span style=\"color: #000000;\">\u00a0ceremonias civiles &#8211; presentador de bodas -maestro de ceremonias.<\/span><\/strong><\/h5>\n<h5><strong><span style=\"color: #000000;\">\u00bfBuscas un maestro de ceremonias para tu boda o evento?<br \/>\n<\/span><\/strong><\/h5>\n<div style=\"text-align: justify;\">\n<h5 style=\"text-align: center;\"><strong><span style=\"color: #000000;\">Soy especialista en ceremonias civiles &#8211; oficiante boda GALICIA &#8211; zona norte y centro: Madrid, Valladolid, Le\u00f3n, Palencia, Burgos, Segovia, Asturias, Cantabria&#8230; Consulta tarifas.<\/span><\/strong><\/h5>\n<p><strong>\n<div class=\"wpcf7 no-js\" id=\"wpcf7-f1975-o2\" lang=\"es-ES\" dir=\"ltr\">\n<div class=\"screen-reader-response\"><p role=\"status\" aria-live=\"polite\" aria-atomic=\"true\"><\/p> <ul><\/ul><\/div>\n<form action=\"\/index.php?rest_route=%2Fwp%2Fv2%2Fpages%2F143#wpcf7-f1975-o2\" method=\"post\" class=\"wpcf7-form init\" aria-label=\"Formulario de contacto\" novalidate=\"novalidate\" data-status=\"init\">\n<div style=\"display: none;\">\n<input type=\"hidden\" name=\"_wpcf7\" value=\"1975\" \/>\n<input type=\"hidden\" name=\"_wpcf7_version\" value=\"5.9.4\" \/>\n<input type=\"hidden\" name=\"_wpcf7_locale\" value=\"es_ES\" \/>\n<input type=\"hidden\" name=\"_wpcf7_unit_tag\" value=\"wpcf7-f1975-o2\" \/>\n<input type=\"hidden\" name=\"_wpcf7_container_post\" value=\"0\" \/>\n<input type=\"hidden\" name=\"_wpcf7_posted_data_hash\" value=\"\" \/>\n<\/div>\n<p><label> Tu nombre<br \/>\n<span class=\"wpcf7-form-control-wrap\" data-name=\"your-name\"><input size=\"40\" class=\"wpcf7-form-control wpcf7-text wpcf7-validates-as-required\" autocomplete=\"name\" aria-required=\"true\" aria-invalid=\"false\" value=\"\" type=\"text\" name=\"your-name\" \/><\/span> <\/label>\n<\/p>\n<p><label> Mail<br \/>\n<span class=\"wpcf7-form-control-wrap\" data-name=\"your-email\"><input size=\"40\" class=\"wpcf7-form-control wpcf7-email wpcf7-validates-as-required wpcf7-text wpcf7-validates-as-email\" autocomplete=\"email\" aria-required=\"true\" aria-invalid=\"false\" value=\"\" type=\"email\" name=\"your-email\" \/><\/span> <\/label>\n<\/p>\n<p><label> Asunto<br \/>\n<span class=\"wpcf7-form-control-wrap\" data-name=\"your-subject\"><input size=\"40\" class=\"wpcf7-form-control wpcf7-text wpcf7-validates-as-required\" aria-required=\"true\" aria-invalid=\"false\" value=\"\" type=\"text\" name=\"your-subject\" \/><\/span> <\/label>\n<\/p>\n<p><label> Tu mensaje<br \/>\n<span class=\"wpcf7-form-control-wrap\" data-name=\"your-message\"><textarea cols=\"40\" rows=\"10\" class=\"wpcf7-form-control wpcf7-textarea\" aria-invalid=\"false\" name=\"your-message\"><\/textarea><\/span> <\/label>\n<\/p>\n<p><input class=\"wpcf7-form-control wpcf7-submit has-spinner\" type=\"submit\" value=\"Enviar\" \/>\n<\/p><p style=\"display: none !important;\" class=\"akismet-fields-container\" data-prefix=\"_wpcf7_ak_\"><label>&#916;<textarea name=\"_wpcf7_ak_hp_textarea\" cols=\"45\" rows=\"8\" maxlength=\"100\"><\/textarea><\/label><input type=\"hidden\" id=\"ak_js_2\" name=\"_wpcf7_ak_js\" value=\"30\"\/><script>document.getElementById( \"ak_js_2\" ).setAttribute( \"value\", ( new Date() ).getTime() );<\/script><\/p><div class=\"wpcf7-response-output\" aria-hidden=\"true\"><\/div>\n<\/form>\n<\/div>\n<\/strong><\/p>\n<\/div>\n","protected":false},"excerpt":{"rendered":"<p>ceremonias civiles &#8211; presentador de bodas Como presentador y maestro de ceremonias, acompa\u00f1o momentos \u00fanicos que merecen ser vividos con respeto, sensibilidad y autenticidad. Especializado en bodas civiles y ceremonias de despedida o bienvenida a la vida, entiendo cada celebraci\u00f3n como un acto personal donde las palabras y el tono marcan la diferencia. Mi labor <a class=\"read-more\" href=\"https:\/\/javiervarelactor.com\/?page_id=143\">Leer m\u00e1s<\/a><\/p>\n","protected":false},"author":1,"featured_media":0,"parent":15,"menu_order":3,"comment_status":"closed","ping_status":"closed","template":"","meta":{"_monsterinsights_skip_tracking":false,"_monsterinsights_sitenote_active":false,"_monsterinsights_sitenote_note":"","_monsterinsights_sitenote_category":0,"footnotes":""},"yoast_head":"<!-- This site is optimized with the Yoast SEO plugin v22.7 - https:\/\/yoast.com\/wordpress\/plugins\/seo\/ -->\n<title>ceremonias civiles - presentador de bodas<\/title>\n<meta name=\"description\" content=\"Ceremonias civiles - Presentador de bodas, Maestro de ceremonias para bodas civiles, bienvenidas a la vida y todo tipo de ceremonia civil.\" \/>\n<meta name=\"robots\" content=\"index, follow, max-snippet:-1, max-image-preview:large, max-video-preview:-1\" \/>\n<link rel=\"canonical\" href=\"https:\/\/javiervarelactor.com\/?page_id=143\" \/>\n<meta property=\"og:locale\" content=\"es_ES\" \/>\n<meta property=\"og:type\" content=\"article\" \/>\n<meta property=\"og:title\" content=\"ceremonias civiles - presentador de bodas\" \/>\n<meta property=\"og:description\" content=\"Ceremonias civiles - Presentador de bodas, Maestro de ceremonias para bodas civiles, bienvenidas a la vida y todo tipo de ceremonia civil.\" \/>\n<meta property=\"og:url\" content=\"https:\/\/javiervarelactor.com\/?page_id=143\" \/>\n<meta property=\"og:site_name\" content=\"Javier Varela\" \/>\n<meta property=\"article:publisher\" content=\"https:\/\/www.facebook.com\/pages\/Javier-Varela\/145894855509796?sk=info&amp;amp%3bamp%3bamp%3bamp%3btab=page_info\" \/>\n<meta property=\"article:modified_time\" content=\"2026-02-13T16:56:09+00:00\" \/>\n<meta property=\"og:image\" content=\"http:\/\/javiervarelactor.com\/wp-content\/uploads\/2015\/04\/MG_1335_RET_BASIC-1024x683.jpg\" \/>\n<meta name=\"twitter:label1\" content=\"Tiempo de lectura\" \/>\n\t<meta name=\"twitter:data1\" content=\"3 minutos\" \/>\n<script type=\"application\/ld+json\" class=\"yoast-schema-graph\">{\"@context\":\"https:\/\/schema.org\",\"@graph\":[{\"@type\":\"WebPage\",\"@id\":\"https:\/\/javiervarelactor.com\/?page_id=143\",\"url\":\"https:\/\/javiervarelactor.com\/?page_id=143\",\"name\":\"ceremonias civiles - presentador de bodas\",\"isPartOf\":{\"@id\":\"https:\/\/javiervarelactor.com\/#website\"},\"primaryImageOfPage\":{\"@id\":\"https:\/\/javiervarelactor.com\/?page_id=143#primaryimage\"},\"image\":{\"@id\":\"https:\/\/javiervarelactor.com\/?page_id=143#primaryimage\"},\"thumbnailUrl\":\"http:\/\/javiervarelactor.com\/wp-content\/uploads\/2015\/04\/MG_1335_RET_BASIC-1024x683.jpg\",\"datePublished\":\"2015-04-08T15:22:34+00:00\",\"dateModified\":\"2026-02-13T16:56:09+00:00\",\"description\":\"Ceremonias civiles - Presentador de bodas, Maestro de ceremonias para bodas civiles, bienvenidas a la vida y todo tipo de ceremonia civil.\",\"breadcrumb\":{\"@id\":\"https:\/\/javiervarelactor.com\/?page_id=143#breadcrumb\"},\"inLanguage\":\"es\",\"potentialAction\":[{\"@type\":\"ReadAction\",\"target\":[\"https:\/\/javiervarelactor.com\/?page_id=143\"]}]},{\"@type\":\"ImageObject\",\"inLanguage\":\"es\",\"@id\":\"https:\/\/javiervarelactor.com\/?page_id=143#primaryimage\",\"url\":\"https:\/\/javiervarelactor.com\/wp-content\/uploads\/2015\/04\/MG_1335_RET_BASIC.jpg\",\"contentUrl\":\"https:\/\/javiervarelactor.com\/wp-content\/uploads\/2015\/04\/MG_1335_RET_BASIC.jpg\",\"width\":5247,\"height\":3498,\"caption\":\"presentador ceremonias\"},{\"@type\":\"BreadcrumbList\",\"@id\":\"https:\/\/javiervarelactor.com\/?page_id=143#breadcrumb\",\"itemListElement\":[{\"@type\":\"ListItem\",\"position\":1,\"name\":\"Inicio\",\"item\":\"https:\/\/javiervarelactor.com\/\"},{\"@type\":\"ListItem\",\"position\":2,\"name\":\"M\u00e1s cosas\",\"item\":\"https:\/\/javiervarelactor.com\/?page_id=15\"},{\"@type\":\"ListItem\",\"position\":3,\"name\":\"Presentador de Ceremonias civiles\"}]},{\"@type\":\"WebSite\",\"@id\":\"https:\/\/javiervarelactor.com\/#website\",\"url\":\"https:\/\/javiervarelactor.com\/\",\"name\":\"Javier Varela\",\"description\":\"Actor y Presentador\",\"potentialAction\":[{\"@type\":\"SearchAction\",\"target\":{\"@type\":\"EntryPoint\",\"urlTemplate\":\"https:\/\/javiervarelactor.com\/?s={search_term_string}\"},\"query-input\":\"required name=search_term_string\"}],\"inLanguage\":\"es\"}]}<\/script>\n<!-- \/ Yoast SEO plugin. -->","yoast_head_json":{"title":"ceremonias civiles - presentador de bodas","description":"Ceremonias civiles - Presentador de bodas, Maestro de ceremonias para bodas civiles, bienvenidas a la vida y todo tipo de ceremonia civil.","robots":{"index":"index","follow":"follow","max-snippet":"max-snippet:-1","max-image-preview":"max-image-preview:large","max-video-preview":"max-video-preview:-1"},"canonical":"https:\/\/javiervarelactor.com\/?page_id=143","og_locale":"es_ES","og_type":"article","og_title":"ceremonias civiles - presentador de bodas","og_description":"Ceremonias civiles - Presentador de bodas, Maestro de ceremonias para bodas civiles, bienvenidas a la vida y todo tipo de ceremonia civil.","og_url":"https:\/\/javiervarelactor.com\/?page_id=143","og_site_name":"Javier Varela","article_publisher":"https:\/\/www.facebook.com\/pages\/Javier-Varela\/145894855509796?sk=info&amp%3bamp%3bamp%3bamp%3btab=page_info","article_modified_time":"2026-02-13T16:56:09+00:00","og_image":[{"url":"http:\/\/javiervarelactor.com\/wp-content\/uploads\/2015\/04\/MG_1335_RET_BASIC-1024x683.jpg"}],"twitter_misc":{"Tiempo de lectura":"3 minutos"},"schema":{"@context":"https:\/\/schema.org","@graph":[{"@type":"WebPage","@id":"https:\/\/javiervarelactor.com\/?page_id=143","url":"https:\/\/javiervarelactor.com\/?page_id=143","name":"ceremonias civiles - presentador de bodas","isPartOf":{"@id":"https:\/\/javiervarelactor.com\/#website"},"primaryImageOfPage":{"@id":"https:\/\/javiervarelactor.com\/?page_id=143#primaryimage"},"image":{"@id":"https:\/\/javiervarelactor.com\/?page_id=143#primaryimage"},"thumbnailUrl":"http:\/\/javiervarelactor.com\/wp-content\/uploads\/2015\/04\/MG_1335_RET_BASIC-1024x683.jpg","datePublished":"2015-04-08T15:22:34+00:00","dateModified":"2026-02-13T16:56:09+00:00","description":"Ceremonias civiles - Presentador de bodas, Maestro de ceremonias para bodas civiles, bienvenidas a la vida y todo tipo de ceremonia civil.","breadcrumb":{"@id":"https:\/\/javiervarelactor.com\/?page_id=143#breadcrumb"},"inLanguage":"es","potentialAction":[{"@type":"ReadAction","target":["https:\/\/javiervarelactor.com\/?page_id=143"]}]},{"@type":"ImageObject","inLanguage":"es","@id":"https:\/\/javiervarelactor.com\/?page_id=143#primaryimage","url":"https:\/\/javiervarelactor.com\/wp-content\/uploads\/2015\/04\/MG_1335_RET_BASIC.jpg","contentUrl":"https:\/\/javiervarelactor.com\/wp-content\/uploads\/2015\/04\/MG_1335_RET_BASIC.jpg","width":5247,"height":3498,"caption":"presentador ceremonias"},{"@type":"BreadcrumbList","@id":"https:\/\/javiervarelactor.com\/?page_id=143#breadcrumb","itemListElement":[{"@type":"ListItem","position":1,"name":"Inicio","item":"https:\/\/javiervarelactor.com\/"},{"@type":"ListItem","position":2,"name":"M\u00e1s cosas","item":"https:\/\/javiervarelactor.com\/?page_id=15"},{"@type":"ListItem","position":3,"name":"Presentador de Ceremonias civiles"}]},{"@type":"WebSite","@id":"https:\/\/javiervarelactor.com\/#website","url":"https:\/\/javiervarelactor.com\/","name":"Javier Varela","description":"Actor y Presentador","potentialAction":[{"@type":"SearchAction","target":{"@type":"EntryPoint","urlTemplate":"https:\/\/javiervarelactor.com\/?s={search_term_string}"},"query-input":"required name=search_term_string"}],"inLanguage":"es"}]}},"_links":{"self":[{"href":"https:\/\/javiervarelactor.com\/index.php?rest_route=\/wp\/v2\/pages\/143"}],"collection":[{"href":"https:\/\/javiervarelactor.com\/index.php?rest_route=\/wp\/v2\/pages"}],"about":[{"href":"https:\/\/javiervarelactor.com\/index.php?rest_route=\/wp\/v2\/types\/page"}],"author":[{"embeddable":true,"href":"https:\/\/javiervarelactor.com\/index.php?rest_route=\/wp\/v2\/users\/1"}],"replies":[{"embeddable":true,"href":"https:\/\/javiervarelactor.com\/index.php?rest_route=%2Fwp%2Fv2%2Fcomments&post=143"}],"version-history":[{"count":34,"href":"https:\/\/javiervarelactor.com\/index.php?rest_route=\/wp\/v2\/pages\/143\/revisions"}],"predecessor-version":[{"id":2089,"href":"https:\/\/javiervarelactor.com\/index.php?rest_route=\/wp\/v2\/pages\/143\/revisions\/2089"}],"up":[{"embeddable":true,"href":"https:\/\/javiervarelactor.com\/index.php?rest_route=\/wp\/v2\/pages\/15"}],"wp:attachment":[{"href":"https:\/\/javiervarelactor.com\/index.php?rest_route=%2Fwp%2Fv2%2Fmedia&parent=143"}],"curies":[{"name":"wp","href":"https:\/\/api.w.org\/{rel}","templated":true}]}}